{"id":1812,"date":"2025-07-23T17:34:09","date_gmt":"2025-07-23T17:34:09","guid":{"rendered":"https:\/\/reparacionsvic.com\/?page_id=1812"},"modified":"2025-07-23T17:54:44","modified_gmt":"2025-07-23T17:54:44","slug":"lloguer-de-maquinaria","status":"publish","type":"page","link":"https:\/\/reparacionsvic.com\/es\/lloguer-de-maquinaria\/","title":{"rendered":"Alquiler de maquinaria"},"content":{"rendered":"<div data-elementor-type=\"wp-page\" data-elementor-id=\"1812\" class=\"elementor elementor-1812\" data-elementor-post-type=\"page\">\n\t\t\t\t<div class=\"elementor-element elementor-element-ca2c308 e-flex e-con-boxed e-con e-parent\" data-id=\"ca2c308\" data-element_type=\"container\" data-settings=\"{&quot;background_background&quot;:&quot;classic&quot;}\">\n\t\t\t\t\t<div class=\"e-con-inner\">\n\t\t\t\t<div class=\"elementor-element elementor-element-6650f33 animated-slow elementor-invisible elementor-widget elementor-widget-heading\" data-id=\"6650f33\" data-element_type=\"widget\" data-settings=\"{&quot;_animation&quot;:&quot;fadeInDown&quot;}\" data-widget_type=\"heading.default\">\n\t\t\t\t<div class=\"elementor-widget-container\">\n\t\t\t\t\t<h1 class=\"elementor-heading-title elementor-size-default\">Alquiler de maquinaria<\/h1>\t\t\t\t<\/div>\n\t\t\t\t<\/div>\n\t\t\t\t\t<\/div>\n\t\t\t\t<\/div>\n\t\t<div class=\"elementor-element elementor-element-6ab98c8 e-grid e-con-boxed e-con e-parent\" data-id=\"6ab98c8\" data-element_type=\"container\">\n\t\t\t\t\t<div class=\"e-con-inner\">\n\t\t\t\t<div class=\"elementor-element elementor-element-0f9579c elementor-widget elementor-widget-text-editor\" data-id=\"0f9579c\" data-element_type=\"widget\" data-widget_type=\"text-editor.default\">\n\t\t\t\t<div class=\"elementor-widget-container\">\n\t\t\t\t\t\t\t\t\t<h2><b>Alquiler de maquinaria: la soluci\u00f3n profesional para tus necesidades industriales<\/b><\/h2><p><span style=\"font-weight: 400;\">En Reparacions Vic, sabemos que la disponibilidad de maquinaria adecuada es clave para el buen desarrollo de los proyectos industriales y de construcci\u00f3n. Con nuestro servicio de <\/span><b>alquiler de maquinaria<\/b><span style=\"font-weight: 400;\">, ponemos a tu disposici\u00f3n equipos y maquinaria de alta calidad, siempre revisada y mantenida para garantizar la m\u00e1xima eficiencia y seguridad.<\/span><span style=\"font-weight: 400;\"><br \/><\/span><span style=\"font-weight: 400;\">Nuestro cat\u00e1logo incluye una amplia variedad de maquinaria industrial, desde peque\u00f1as herramientas hasta equipos m\u00e1s robustos, ideales para distintos sectores y aplicaciones. Nos adaptamos a tus necesidades, ofreciendo un alquiler flexible que te permite optimizar costes y recursos. Con la experiencia acumulada a lo largo de los a\u00f1os, ofrecemos asesoramiento personalizado para ayudarte a escoger la maquinaria que mejor se ajusta a cada proyecto.<\/span><\/p>\t\t\t\t\t\t\t\t<\/div>\n\t\t\t\t<\/div>\n\t\t\t\t<div class=\"elementor-element elementor-element-03ce914 elementor-widget elementor-widget-image\" data-id=\"03ce914\" data-element_type=\"widget\" data-widget_type=\"image.default\">\n\t\t\t\t<div class=\"elementor-widget-container\">\n\t\t\t\t\t\t\t\t\t\t\t\t\t\t\t<img fetchpriority=\"high\" decoding=\"async\" width=\"800\" height=\"534\" src=\"https:\/\/reparacionsvic.com\/wp-content\/uploads\/2025\/06\/Foto-11-1024x683.jpg\" class=\"attachment-large size-large wp-image-1749\" alt=\"\" srcset=\"https:\/\/reparacionsvic.com\/wp-content\/uploads\/2025\/06\/Foto-11-1024x683.jpg 1024w, https:\/\/reparacionsvic.com\/wp-content\/uploads\/2025\/06\/Foto-11-300x200.jpg 300w, https:\/\/reparacionsvic.com\/wp-content\/uploads\/2025\/06\/Foto-11-768x512.jpg 768w, https:\/\/reparacionsvic.com\/wp-content\/uploads\/2025\/06\/Foto-11-1536x1024.jpg 1536w, https:\/\/reparacionsvic.com\/wp-content\/uploads\/2025\/06\/Foto-11-2048x1366.jpg 2048w, https:\/\/reparacionsvic.com\/wp-content\/uploads\/2025\/06\/Foto-11-18x12.jpg 18w\" sizes=\"(max-width: 800px) 100vw, 800px\" \/>\t\t\t\t\t\t\t\t\t\t\t\t\t\t\t<\/div>\n\t\t\t\t<\/div>\n\t\t\t\t<div class=\"elementor-element elementor-element-12a69a2 elementor-widget elementor-widget-image\" data-id=\"12a69a2\" data-element_type=\"widget\" data-widget_type=\"image.default\">\n\t\t\t\t<div class=\"elementor-widget-container\">\n\t\t\t\t\t\t\t\t\t\t\t\t\t\t\t<img decoding=\"async\" width=\"800\" height=\"534\" src=\"https:\/\/reparacionsvic.com\/wp-content\/uploads\/2025\/06\/Foto-12-1024x683.jpg\" class=\"attachment-large size-large wp-image-1748\" alt=\"\" srcset=\"https:\/\/reparacionsvic.com\/wp-content\/uploads\/2025\/06\/Foto-12-1024x683.jpg 1024w, https:\/\/reparacionsvic.com\/wp-content\/uploads\/2025\/06\/Foto-12-300x200.jpg 300w, https:\/\/reparacionsvic.com\/wp-content\/uploads\/2025\/06\/Foto-12-768x512.jpg 768w, https:\/\/reparacionsvic.com\/wp-content\/uploads\/2025\/06\/Foto-12-1536x1025.jpg 1536w, https:\/\/reparacionsvic.com\/wp-content\/uploads\/2025\/06\/Foto-12-18x12.jpg 18w, https:\/\/reparacionsvic.com\/wp-content\/uploads\/2025\/06\/Foto-12.jpg 2000w\" sizes=\"(max-width: 800px) 100vw, 800px\" \/>\t\t\t\t\t\t\t\t\t\t\t\t\t\t\t<\/div>\n\t\t\t\t<\/div>\n\t\t\t\t<div class=\"elementor-element elementor-element-73095cc elementor-widget elementor-widget-text-editor\" data-id=\"73095cc\" data-element_type=\"widget\" data-widget_type=\"text-editor.default\">\n\t\t\t\t<div class=\"elementor-widget-container\">\n\t\t\t\t\t\t\t\t\t<h3><b>Alquiler de maquinaria: ventajas de un servicio profesional y de confianza<\/b><\/h3><p><span style=\"font-weight: 400;\">Nuestro servicio de <\/span><b>alquiler de maquinaria<\/b><span style=\"font-weight: 400;\"> est\u00e1 dise\u00f1ado para aportar m\u00faltiples beneficios, entre los que destacan la flexibilidad, la reducci\u00f3n de costes y la seguridad en la operaci\u00f3n de los equipos. Al alquilar la maquinaria con nosotros, evitas las elevadas inversiones en compra, los costes de mantenimiento y la obsolescencia de los equipos.<\/span><span style=\"font-weight: 400;\"><br \/><\/span><span style=\"font-weight: 400;\">Cada m\u00e1quina es revisada y mantenida peri\u00f3dicamente por el equipo t\u00e9cnico de Reparacions Vic, asegurando su funcionamiento \u00f3ptimo y minimizando riesgos en la obra. Tambi\u00e9n ofrecemos soporte t\u00e9cnico y asesoramiento continuo, para garantizar que dispongas siempre de la mejor soluci\u00f3n y el mejor rendimiento. Este compromiso con la calidad y servicio nos permite establecer relaciones duraderas con nuestros clientes.<\/span><\/p>\t\t\t\t\t\t\t\t<\/div>\n\t\t\t\t<\/div>\n\t\t\t\t\t<\/div>\n\t\t\t\t<\/div>\n\t\t<div class=\"elementor-element elementor-element-c3a2ae3 e-grid e-con-boxed e-con e-parent\" data-id=\"c3a2ae3\" data-element_type=\"container\">\n\t\t\t\t\t<div class=\"e-con-inner\">\n\t\t\t\t<div class=\"elementor-element elementor-element-edb5650 elementor-widget elementor-widget-text-editor\" data-id=\"edb5650\" data-element_type=\"widget\" data-widget_type=\"text-editor.default\">\n\t\t\t\t<div class=\"elementor-widget-container\">\n\t\t\t\t\t\t\t\t\t<h3><b>Alquiler de maquinaria: nos adaptamos a cada proyecto<\/b><\/h3><p><span style=\"font-weight: 400;\">Con nuestro servicio de <\/span><b>alquiler de maquinaria<\/b><span style=\"font-weight: 400;\">, proponemos opciones personalizadas seg\u00fan las caracter\u00edsticas y necesidades de cada cliente y proyecto. Tanto si necesitas equipos para un per\u00edodo corto como para largo plazo, disponemos de alternativas flexibles que se adaptan a diferentes calendarios y presupuestos. <\/span><span style=\"font-weight: 400;\">Adem\u00e1s contamos con una log\u00edstica \u00e1gil que permite la entrega y recogida de los equipos en tiempo y forma, facilitando la planificaci\u00f3n y ejecuci\u00f3n de tus trabajos. En Reparacions Vic trabajamos para asegurar que cada proyecto tenga el equipamiento adecuado en el momento justo, evitando retrasos y maximizando la eficiencia. <\/span><span style=\"font-weight: 400;\">Nuestro servicio de <\/span><b>alquiler de maquinaria<\/b><span style=\"font-weight: 400;\"> cumple con los m\u00e1s exigentes est\u00e1ndares de calidad y seguridad industrial. En Reparacions Vic, cada equipo pasa por controles rigurosos antes y despu\u00e9s del alquiler para garantizar su \u00f3ptima condici\u00f3n y seguridad. <\/span><span style=\"font-weight: 400;\">Entendemos que la seguridad es fundamental en cualquier proyecto, por eso proporcionamos maquinaria homologada, con las certificaciones necesarias y con el soporte t\u00e9cnico que asegura un uso correcto y responsable. Este enfoque nos permite ofrecer un servicio fiable y profesional, al que nuestros clientes conf\u00edan en llevar a cabo sus proyectos con total tranquilidad.<\/span><\/p>\t\t\t\t\t\t\t\t<\/div>\n\t\t\t\t<\/div>\n\t\t\t\t<div class=\"elementor-element elementor-element-007b925 elementor-widget elementor-widget-image\" data-id=\"007b925\" data-element_type=\"widget\" data-widget_type=\"image.default\">\n\t\t\t\t<div class=\"elementor-widget-container\">\n\t\t\t\t\t\t\t\t\t\t\t\t\t\t\t<img decoding=\"async\" width=\"800\" height=\"534\" src=\"https:\/\/reparacionsvic.com\/wp-content\/uploads\/2025\/06\/Foto-9-1-1024x683.jpg\" class=\"attachment-large size-large wp-image-1751\" alt=\"\" srcset=\"https:\/\/reparacionsvic.com\/wp-content\/uploads\/2025\/06\/Foto-9-1-1024x683.jpg 1024w, https:\/\/reparacionsvic.com\/wp-content\/uploads\/2025\/06\/Foto-9-1-300x200.jpg 300w, https:\/\/reparacionsvic.com\/wp-content\/uploads\/2025\/06\/Foto-9-1-768x512.jpg 768w, https:\/\/reparacionsvic.com\/wp-content\/uploads\/2025\/06\/Foto-9-1-1536x1025.jpg 1536w, https:\/\/reparacionsvic.com\/wp-content\/uploads\/2025\/06\/Foto-9-1-18x12.jpg 18w, https:\/\/reparacionsvic.com\/wp-content\/uploads\/2025\/06\/Foto-9-1.jpg 2000w\" sizes=\"(max-width: 800px) 100vw, 800px\" \/>\t\t\t\t\t\t\t\t\t\t\t\t\t\t\t<\/div>\n\t\t\t\t<\/div>\n\t\t\t\t<div class=\"elementor-element elementor-element-69ac650 elementor-widget elementor-widget-image\" data-id=\"69ac650\" data-element_type=\"widget\" data-widget_type=\"image.default\">\n\t\t\t\t<div class=\"elementor-widget-container\">\n\t\t\t\t\t\t\t\t\t\t\t\t\t\t\t<img loading=\"lazy\" decoding=\"async\" width=\"800\" height=\"534\" src=\"https:\/\/reparacionsvic.com\/wp-content\/uploads\/2025\/05\/Auger-Torque-Agriculture-Image-1024x683.jpg\" class=\"attachment-large size-large wp-image-1521\" alt=\"\" srcset=\"https:\/\/reparacionsvic.com\/wp-content\/uploads\/2025\/05\/Auger-Torque-Agriculture-Image-1024x683.jpg 1024w, https:\/\/reparacionsvic.com\/wp-content\/uploads\/2025\/05\/Auger-Torque-Agriculture-Image-300x200.jpg 300w, https:\/\/reparacionsvic.com\/wp-content\/uploads\/2025\/05\/Auger-Torque-Agriculture-Image-768x512.jpg 768w, https:\/\/reparacionsvic.com\/wp-content\/uploads\/2025\/05\/Auger-Torque-Agriculture-Image.jpg 1200w\" sizes=\"(max-width: 800px) 100vw, 800px\" \/>\t\t\t\t\t\t\t\t\t\t\t\t\t\t\t<\/div>\n\t\t\t\t<\/div>\n\t\t\t\t<div class=\"elementor-element elementor-element-2a8ccc8 elementor-widget elementor-widget-text-editor\" data-id=\"2a8ccc8\" data-element_type=\"widget\" data-widget_type=\"text-editor.default\">\n\t\t\t\t<div class=\"elementor-widget-container\">\n\t\t\t\t\t\t\t\t\t<h2><b>Alquiler de maquinaria: porqu\u00e9 elegirnos para tu empresa<\/b><\/h2><p><span style=\"font-weight: 400;\">Con Reparaciones Vic, el <\/span><b>alquiler de maquinaria<\/b><span style=\"font-weight: 400;\"> se convierte en una soluci\u00f3n eficiente, segura y adaptada a sus necesidades reales. Nuestro compromiso con la calidad, flexibilidad y servicio personalizado nos posiciona como referentes en el sector. Si buscas optimizar tus recursos y garantizar el \u00e9xito de tus proyectos, no dudes en contactar con nosotros. Estamos preparados para ofrecerte la mejor maquinaria y acompa\u00f1amiento profesional que necesitas.<\/span><\/p>\t\t\t\t\t\t\t\t<\/div>\n\t\t\t\t<\/div>\n\t\t\t\t\t<\/div>\n\t\t\t\t<\/div>\n\t\t<div class=\"elementor-element elementor-element-5adf158 e-flex e-con-boxed e-con e-parent\" data-id=\"5adf158\" data-element_type=\"container\" data-settings=\"{&quot;background_background&quot;:&quot;classic&quot;}\">\n\t\t\t\t\t<div class=\"e-con-inner\">\n\t\t<div class=\"elementor-element elementor-element-ff6794c e-flex e-con-boxed e-con e-child\" data-id=\"ff6794c\" data-element_type=\"container\">\n\t\t\t\t\t<div class=\"e-con-inner\">\n\t\t\t\t<div class=\"elementor-element elementor-element-b0afc42 animated-slow elementor-invisible elementor-widget elementor-widget-text-editor\" data-id=\"b0afc42\" data-element_type=\"widget\" data-settings=\"{&quot;_animation&quot;:&quot;fadeInUp&quot;}\" data-widget_type=\"text-editor.default\">\n\t\t\t\t<div class=\"elementor-widget-container\">\n\t\t\t\t\t\t\t\t\t<p>\n<div class=\"wpcf7 no-js\" id=\"wpcf7-f7-o1\" lang=\"ca\" dir=\"ltr\" data-wpcf7-id=\"7\">\n<div class=\"screen-reader-response\"><p role=\"status\" aria-live=\"polite\" aria-atomic=\"true\"><\/p> <ul><\/ul><\/div>\n<form action=\"\/es\/wp-json\/wp\/v2\/pages\/1812#wpcf7-f7-o1\" method=\"post\" class=\"wpcf7-form init\" aria-label=\"Formulario de contacto\" novalidate=\"novalidate\" data-status=\"init\" data-trp-original-action=\"\/es\/wp-json\/wp\/v2\/pages\/1812#wpcf7-f7-o1\">\n<fieldset class=\"hidden-fields-container\"><input type=\"hidden\" name=\"_wpcf7\" value=\"7\" \/><input type=\"hidden\" name=\"_wpcf7_version\" value=\"6.1.2\" \/><input type=\"hidden\" name=\"_wpcf7_locale\" value=\"ca\" \/><input type=\"hidden\" name=\"_wpcf7_unit_tag\" value=\"wpcf7-f7-o1\" \/><input type=\"hidden\" name=\"_wpcf7_container_post\" value=\"0\" \/><input type=\"hidden\" name=\"_wpcf7_posted_data_hash\" value=\"\" \/><input type=\"hidden\" name=\"_wpcf7_recaptcha_response\" value=\"\" \/>\n<\/fieldset>\n<div class=\"form\">\n\t<p><span class=\"wpcf7-form-control-wrap\" data-name=\"your-name\"><input size=\"40\" maxlength=\"400\" class=\"wpcf7-form-control wpcf7-text wpcf7-validates-as-required\" aria-required=\"true\" aria-invalid=\"false\" placeholder=\"Nombre *\" value=\"\" type=\"text\" name=\"your-name\" \/><\/span>\n\t<\/p>\n<\/div>\n<div class=\"form\">\n\t<p><span class=\"wpcf7-form-control-wrap\" data-name=\"your-email\"><input size=\"40\" maxlength=\"400\" class=\"wpcf7-form-control wpcf7-email wpcf7-validates-as-required wpcf7-text wpcf7-validates-as-email\" aria-required=\"true\" aria-invalid=\"false\" placeholder=\"Email *\" value=\"\" type=\"email\" name=\"your-email\" \/><\/span>\n\t<\/p>\n<\/div>\n<div class=\"form\">\n\t<p><span class=\"wpcf7-form-control-wrap\" data-name=\"tel-802\"><input size=\"40\" maxlength=\"400\" class=\"wpcf7-form-control wpcf7-tel wpcf7-validates-as-required wpcf7-text wpcf7-validates-as-tel\" aria-required=\"true\" aria-invalid=\"false\" placeholder=\"Tel\u00e9fono *\" value=\"\" type=\"tel\" name=\"tel-802\" \/><\/span>\n\t<\/p>\n<\/div>\n<div class=\"form\">\n\t<p><span class=\"wpcf7-form-control-wrap\" data-name=\"your-message\"><textarea cols=\"40\" rows=\"4\" maxlength=\"2000\" class=\"wpcf7-form-control wpcf7-textarea wpcf7-validates-as-required\" aria-required=\"true\" aria-invalid=\"false\" placeholder=\"Mensaje *\" name=\"your-message\"><\/textarea><\/span>\n\t<\/p>\n<\/div>\n<div class=\"form\">\n\t<p><span class=\"wpcf7-form-control-wrap\" data-name=\"acceptance-902\"><span class=\"wpcf7-form-control wpcf7-acceptance\"><span class=\"wpcf7-list-item\"><label><input type=\"checkbox\" name=\"acceptance-902\" value=\"1\" aria-invalid=\"false\" \/><span class=\"wpcf7-list-item-label\">He le\u00eddo y acepto el <a href=\"\/es\/avis-legal\/\">aviso legal<\/a> y la <a href=\"\/es\/politica-de-privacitat\/\">pol\u00edtica de privacidad<\/a><\/span><\/label><\/span><\/span><\/span>\n\t<\/p>\n<\/div>\n<div class=\"form\">\n\t<p><input class=\"wpcf7-form-control wpcf7-submit has-spinner\" type=\"submit\" value=\"Enviar\" \/>\n\t<\/p>\n<\/div><div class=\"wpcf7-response-output\" aria-hidden=\"true\"><\/div>\n<input type=\"hidden\" name=\"trp-form-language\" value=\"es\"\/><\/form>\n<\/div>\n<\/p>\t\t\t\t\t\t\t\t<\/div>\n\t\t\t\t<\/div>\n\t\t\t\t\t<\/div>\n\t\t\t\t<\/div>\n\t\t<div class=\"elementor-element elementor-element-321332f e-flex e-con-boxed e-con e-child\" data-id=\"321332f\" data-element_type=\"container\">\n\t\t\t\t\t<div class=\"e-con-inner\">\n\t\t<div class=\"elementor-element elementor-element-2b16635 e-con-full e-flex e-con e-child\" data-id=\"2b16635\" data-element_type=\"container\">\n\t\t\t\t<div class=\"elementor-element elementor-element-2b56886 animated-slow elementor-invisible elementor-widget elementor-widget-heading\" data-id=\"2b56886\" data-element_type=\"widget\" data-settings=\"{&quot;_animation&quot;:&quot;fadeInDown&quot;}\" data-widget_type=\"heading.default\">\n\t\t\t\t<div class=\"elementor-widget-container\">\n\t\t\t\t\t<h3 class=\"elementor-heading-title elementor-size-default\">Pide informaci\u00f3n o presupuesto sin compromiso<\/h3>\t\t\t\t<\/div>\n\t\t\t\t<\/div>\n\t\t\t\t<div class=\"elementor-element elementor-element-68f8bcd elementor-widget-divider--separator-type-pattern elementor-widget-divider--view-line elementor-widget elementor-widget-divider\" data-id=\"68f8bcd\" data-element_type=\"widget\" data-widget_type=\"divider.default\">\n\t\t\t\t<div class=\"elementor-widget-container\">\n\t\t\t\t\t\t\t<div class=\"elementor-divider\" style=\"--divider-pattern-url: url(&quot;data:image\/svg+xml,%3Csvg xmlns=&#039;http:\/\/www.w3.org\/2000\/svg&#039; preserveAspectRatio=&#039;none&#039; overflow=&#039;visible&#039; height=&#039;100%&#039; viewBox=&#039;0 0 24 24&#039; fill=&#039;black&#039; stroke=&#039;none&#039;%3E%3Cpolygon points=&#039;9.4,2 24,2 14.6,21.6 0,21.6&#039;\/%3E%3C\/svg%3E&quot;);\">\n\t\t\t<span class=\"elementor-divider-separator\">\n\t\t\t\t\t\t<\/span>\n\t\t<\/div>\n\t\t\t\t\t\t<\/div>\n\t\t\t\t<\/div>\n\t\t\t\t<div class=\"elementor-element elementor-element-6abc9e5 animated-slow elementor-invisible elementor-widget elementor-widget-text-editor\" data-id=\"6abc9e5\" data-element_type=\"widget\" data-settings=\"{&quot;_animation&quot;:&quot;fadeInDown&quot;}\" data-widget_type=\"text-editor.default\">\n\t\t\t\t<div class=\"elementor-widget-container\">\n\t\t\t\t\t\t\t\t\t<p>Si quieres solicitar un presupuesto o tienes cualquier consulta, puedes llamarnos, enviarnos un correo electr\u00f3nico o rellenar nuestro formulario de contacto. \u00a1Responderemos lo antes posible!<\/p>\t\t\t\t\t\t\t\t<\/div>\n\t\t\t\t<\/div>\n\t\t\t\t<\/div>\n\t\t<div class=\"elementor-element elementor-element-3489826 e-con-full e-flex e-con e-child\" data-id=\"3489826\" data-element_type=\"container\" data-settings=\"{&quot;background_background&quot;:&quot;classic&quot;}\">\n\t\t\t\t<div class=\"elementor-element elementor-element-9201239 elementor-view-stacked elementor-shape-square elementor-position-left elementor-tablet-position-top animated-slow elementor-mobile-position-top elementor-invisible elementor-widget elementor-widget-icon-box\" data-id=\"9201239\" data-element_type=\"widget\" data-settings=\"{&quot;_animation&quot;:&quot;fadeInDown&quot;}\" data-widget_type=\"icon-box.default\">\n\t\t\t\t<div class=\"elementor-widget-container\">\n\t\t\t\t\t\t\t<div class=\"elementor-icon-box-wrapper\">\n\n\t\t\t\t\t\t<div class=\"elementor-icon-box-icon\">\n\t\t\t\t<a href=\"https:\/\/maps.app.goo.gl\/EdRipiikC2PUdgEG6\" target=\"_blank\" class=\"elementor-icon\" tabindex=\"-1\" aria-label=\"Direcci\u00f3n\">\n\t\t\t\t<i aria-hidden=\"true\" class=\"icon icon-map-marker1\"><\/i>\t\t\t\t<\/a>\n\t\t\t<\/div>\n\t\t\t\n\t\t\t\t\t\t<div class=\"elementor-icon-box-content\">\n\n\t\t\t\t\t\t\t\t\t<div class=\"elementor-icon-box-title\">\n\t\t\t\t\t\t<a href=\"https:\/\/maps.app.goo.gl\/EdRipiikC2PUdgEG6\" target=\"_blank\" >\n\t\t\t\t\t\t\tDirecci\u00f3n\t\t\t\t\t\t<\/a>\n\t\t\t\t\t<\/div>\n\t\t\t\t\n\t\t\t\t\t\t\t\t\t<p class=\"elementor-icon-box-description\">\n\t\t\t\t\t\tCalle Sot dels Pradals, 15 08500 Vic, Barcelona\t\t\t\t\t<\/p>\n\t\t\t\t\n\t\t\t<\/div>\n\t\t\t\n\t\t<\/div>\n\t\t\t\t\t\t<\/div>\n\t\t\t\t<\/div>\n\t\t\t\t<div class=\"elementor-element elementor-element-c7c982c elementor-view-stacked elementor-shape-square elementor-position-left elementor-tablet-position-top animated-slow elementor-mobile-position-top elementor-invisible elementor-widget elementor-widget-icon-box\" data-id=\"c7c982c\" data-element_type=\"widget\" data-settings=\"{&quot;_animation&quot;:&quot;fadeInDown&quot;}\" data-widget_type=\"icon-box.default\">\n\t\t\t\t<div class=\"elementor-widget-container\">\n\t\t\t\t\t\t\t<div class=\"elementor-icon-box-wrapper\">\n\n\t\t\t\t\t\t<div class=\"elementor-icon-box-icon\">\n\t\t\t\t<a href=\"tel:%2034931287192\" class=\"elementor-icon\" tabindex=\"-1\" aria-label=\"Tel\u00e9fono\">\n\t\t\t\t<svg aria-hidden=\"true\" class=\"e-font-icon-svg e-fas-mobile-alt\" viewbox=\"0 0 320 512\" xmlns=\"http:\/\/www.w3.org\/2000\/svg\"><path d=\"M272 0H48C21.5 0 0 21.5 0 48v416c0 26.5 21.5 48 48 48h224c26.5 0 48-21.5 48-48V48c0-26.5-21.5-48-48-48zM160 480c-17.7 0-32-14.3-32-32s14.3-32 32-32 32 14.3 32 32-14.3 32-32 32zm112-108c0 6.6-5.4 12-12 12H60c-6.6 0-12-5.4-12-12V60c0-6.6 5.4-12 12-12h200c6.6 0 12 5.4 12 12v312z\"><\/path><\/svg>\t\t\t\t<\/a>\n\t\t\t<\/div>\n\t\t\t\n\t\t\t\t\t\t<div class=\"elementor-icon-box-content\">\n\n\t\t\t\t\t\t\t\t\t<div class=\"elementor-icon-box-title\">\n\t\t\t\t\t\t<a href=\"tel:%2034931287192\" >\n\t\t\t\t\t\t\tTel\u00e9fono\t\t\t\t\t\t<\/a>\n\t\t\t\t\t<\/div>\n\t\t\t\t\n\t\t\t\t\t\t\t\t\t<p class=\"elementor-icon-box-description\">\n\t\t\t\t\t\t+34 93 128 71 92\t\t\t\t\t<\/p>\n\t\t\t\t\n\t\t\t<\/div>\n\t\t\t\n\t\t<\/div>\n\t\t\t\t\t\t<\/div>\n\t\t\t\t<\/div>\n\t\t\t\t<div class=\"elementor-element elementor-element-261078e elementor-view-stacked elementor-shape-square elementor-position-left elementor-tablet-position-top animated-slow elementor-mobile-position-top elementor-invisible elementor-widget elementor-widget-icon-box\" data-id=\"261078e\" data-element_type=\"widget\" data-settings=\"{&quot;_animation&quot;:&quot;fadeInDown&quot;}\" data-widget_type=\"icon-box.default\">\n\t\t\t\t<div class=\"elementor-widget-container\">\n\t\t\t\t\t\t\t<div class=\"elementor-icon-box-wrapper\">\n\n\t\t\t\t\t\t<div class=\"elementor-icon-box-icon\">\n\t\t\t\t<a href=\"mailto:%20info@reparacionsvic.com\" class=\"elementor-icon\" tabindex=\"-1\" aria-label=\"Email\">\n\t\t\t\t<i aria-hidden=\"true\" class=\"icon icon-contact\"><\/i>\t\t\t\t<\/a>\n\t\t\t<\/div>\n\t\t\t\n\t\t\t\t\t\t<div class=\"elementor-icon-box-content\">\n\n\t\t\t\t\t\t\t\t\t<div class=\"elementor-icon-box-title\">\n\t\t\t\t\t\t<a href=\"mailto:%20info@reparacionsvic.com\" >\n\t\t\t\t\t\t\tEmail\t\t\t\t\t\t<\/a>\n\t\t\t\t\t<\/div>\n\t\t\t\t\n\t\t\t\t\t\t\t\t\t<p class=\"elementor-icon-box-description\">\n\t\t\t\t\t\tinfo@reparacionsvic.com\t\t\t\t\t<\/p>\n\t\t\t\t\n\t\t\t<\/div>\n\t\t\t\n\t\t<\/div>\n\t\t\t\t\t\t<\/div>\n\t\t\t\t<\/div>\n\t\t\t\t<\/div>\n\t\t\t\t\t<\/div>\n\t\t\t\t<\/div>\n\t\t\t\t\t<\/div>\n\t\t\t\t<\/div>\n\t\t\t\t<\/div>","protected":false},"excerpt":{"rendered":"<p>Lloguer de maquin\u00e0ria: la soluci\u00f3 professional per a les teves necessitats industrials A Reparacions Vic, sabem que la disponibilitat de maquin\u00e0ria adequada \u00e9s clau per al bon desenvolupament dels projectes industrials i de construcci\u00f3. Amb el nostre servei de lloguer de maquin\u00e0ria, posem a la teva disposici\u00f3 equips i maquin\u00e0ria d\u2019alta qualitat, sempre revisada i [&hellip;]<\/p>","protected":false},"author":3,"featured_media":0,"parent":0,"menu_order":0,"comment_status":"closed","ping_status":"closed","template":"","meta":{"_acf_changed":false,"footnotes":""},"class_list":["post-1812","page","type-page","status-publish","hentry"],"acf":[],"yoast_head":"<!-- This site is optimized with the Yoast SEO plugin v26.1.1 - https:\/\/yoast.com\/wordpress\/plugins\/seo\/ -->\n<title>Lloguer de maquin\u00e0ria - Reparacions Vic<\/title>\n<meta name=\"robots\" content=\"index, follow, max-snippet:-1, max-image-preview:large, max-video-preview:-1\" \/>\n<link rel=\"canonical\" href=\"https:\/\/reparacionsvic.com\/es\/lloguer-de-maquinaria\/\" \/>\n<meta property=\"og:locale\" content=\"es_ES\" \/>\n<meta property=\"og:type\" content=\"article\" \/>\n<meta property=\"og:title\" content=\"Lloguer de maquin\u00e0ria - Reparacions Vic\" \/>\n<meta property=\"og:description\" content=\"Lloguer de maquin\u00e0ria: la soluci\u00f3 professional per a les teves necessitats industrials A Reparacions Vic, sabem que la disponibilitat de maquin\u00e0ria adequada \u00e9s clau per al bon desenvolupament dels projectes industrials i de construcci\u00f3. Amb el nostre servei de lloguer de maquin\u00e0ria, posem a la teva disposici\u00f3 equips i maquin\u00e0ria d\u2019alta qualitat, sempre revisada i [&hellip;]\" \/>\n<meta property=\"og:url\" content=\"https:\/\/reparacionsvic.com\/es\/lloguer-de-maquinaria\/\" \/>\n<meta property=\"og:site_name\" content=\"Reparacions Vic\" \/>\n<meta property=\"article:modified_time\" content=\"2025-07-23T17:54:44+00:00\" \/>\n<meta property=\"og:image\" content=\"https:\/\/reparacionsvic.com\/wp-content\/uploads\/2025\/06\/Foto-11-1024x683.jpg\" \/>\n<meta name=\"twitter:card\" content=\"summary_large_image\" \/>\n<meta name=\"twitter:label1\" content=\"Tiempo de lectura\" \/>\n\t<meta name=\"twitter:data1\" content=\"4 minutos\" \/>\n<script type=\"application\/ld+json\" class=\"yoast-schema-graph\">{\"@context\":\"https:\/\/schema.org\",\"@graph\":[{\"@type\":\"WebPage\",\"@id\":\"https:\/\/reparacionsvic.com\/lloguer-de-maquinaria\/\",\"url\":\"https:\/\/reparacionsvic.com\/lloguer-de-maquinaria\/\",\"name\":\"Lloguer de maquin\u00e0ria - Reparacions Vic\",\"isPartOf\":{\"@id\":\"https:\/\/reparacionsvic.com\/#website\"},\"primaryImageOfPage\":{\"@id\":\"https:\/\/reparacionsvic.com\/lloguer-de-maquinaria\/#primaryimage\"},\"image\":{\"@id\":\"https:\/\/reparacionsvic.com\/lloguer-de-maquinaria\/#primaryimage\"},\"thumbnailUrl\":\"https:\/\/reparacionsvic.com\/wp-content\/uploads\/2025\/06\/Foto-11-1024x683.jpg\",\"datePublished\":\"2025-07-23T17:34:09+00:00\",\"dateModified\":\"2025-07-23T17:54:44+00:00\",\"breadcrumb\":{\"@id\":\"https:\/\/reparacionsvic.com\/lloguer-de-maquinaria\/#breadcrumb\"},\"inLanguage\":\"es\",\"potentialAction\":[{\"@type\":\"ReadAction\",\"target\":[\"https:\/\/reparacionsvic.com\/lloguer-de-maquinaria\/\"]}]},{\"@type\":\"ImageObject\",\"inLanguage\":\"es\",\"@id\":\"https:\/\/reparacionsvic.com\/lloguer-de-maquinaria\/#primaryimage\",\"url\":\"https:\/\/reparacionsvic.com\/wp-content\/uploads\/2025\/06\/Foto-11-1024x683.jpg\",\"contentUrl\":\"https:\/\/reparacionsvic.com\/wp-content\/uploads\/2025\/06\/Foto-11-1024x683.jpg\"},{\"@type\":\"BreadcrumbList\",\"@id\":\"https:\/\/reparacionsvic.com\/lloguer-de-maquinaria\/#breadcrumb\",\"itemListElement\":[{\"@type\":\"ListItem\",\"position\":1,\"name\":\"Inici\",\"item\":\"https:\/\/reparacionsvic.com\/\"},{\"@type\":\"ListItem\",\"position\":2,\"name\":\"Lloguer de maquin\u00e0ria\"}]},{\"@type\":\"WebSite\",\"@id\":\"https:\/\/reparacionsvic.com\/#website\",\"url\":\"https:\/\/reparacionsvic.com\/\",\"name\":\"Reparacions vic\",\"description\":\"Venta, lloguer i reparaci\u00f3 de maquin\u00e0ria a Vic\",\"potentialAction\":[{\"@type\":\"SearchAction\",\"target\":{\"@type\":\"EntryPoint\",\"urlTemplate\":\"https:\/\/reparacionsvic.com\/?s={search_term_string}\"},\"query-input\":{\"@type\":\"PropertyValueSpecification\",\"valueRequired\":true,\"valueName\":\"search_term_string\"}}],\"inLanguage\":\"es\"}]}<\/script>\n<!-- \/ Yoast SEO plugin. -->","yoast_head_json":{"title":"Lloguer de maquin\u00e0ria - Reparacions Vic","robots":{"index":"index","follow":"follow","max-snippet":"max-snippet:-1","max-image-preview":"max-image-preview:large","max-video-preview":"max-video-preview:-1"},"canonical":"https:\/\/reparacionsvic.com\/es\/lloguer-de-maquinaria\/","og_locale":"es_ES","og_type":"article","og_title":"Lloguer de maquin\u00e0ria - Reparacions Vic","og_description":"Lloguer de maquin\u00e0ria: la soluci\u00f3 professional per a les teves necessitats industrials A Reparacions Vic, sabem que la disponibilitat de maquin\u00e0ria adequada \u00e9s clau per al bon desenvolupament dels projectes industrials i de construcci\u00f3. Amb el nostre servei de lloguer de maquin\u00e0ria, posem a la teva disposici\u00f3 equips i maquin\u00e0ria d\u2019alta qualitat, sempre revisada i [&hellip;]","og_url":"https:\/\/reparacionsvic.com\/es\/lloguer-de-maquinaria\/","og_site_name":"Reparacions Vic","article_modified_time":"2025-07-23T17:54:44+00:00","og_image":[{"url":"https:\/\/reparacionsvic.com\/wp-content\/uploads\/2025\/06\/Foto-11-1024x683.jpg","type":"","width":"","height":""}],"twitter_card":"summary_large_image","twitter_misc":{"Tiempo de lectura":"4 minutos"},"schema":{"@context":"https:\/\/schema.org","@graph":[{"@type":"WebPage","@id":"https:\/\/reparacionsvic.com\/lloguer-de-maquinaria\/","url":"https:\/\/reparacionsvic.com\/lloguer-de-maquinaria\/","name":"Lloguer de maquin\u00e0ria - Reparacions Vic","isPartOf":{"@id":"https:\/\/reparacionsvic.com\/#website"},"primaryImageOfPage":{"@id":"https:\/\/reparacionsvic.com\/lloguer-de-maquinaria\/#primaryimage"},"image":{"@id":"https:\/\/reparacionsvic.com\/lloguer-de-maquinaria\/#primaryimage"},"thumbnailUrl":"https:\/\/reparacionsvic.com\/wp-content\/uploads\/2025\/06\/Foto-11-1024x683.jpg","datePublished":"2025-07-23T17:34:09+00:00","dateModified":"2025-07-23T17:54:44+00:00","breadcrumb":{"@id":"https:\/\/reparacionsvic.com\/lloguer-de-maquinaria\/#breadcrumb"},"inLanguage":"es","potentialAction":[{"@type":"ReadAction","target":["https:\/\/reparacionsvic.com\/lloguer-de-maquinaria\/"]}]},{"@type":"ImageObject","inLanguage":"es","@id":"https:\/\/reparacionsvic.com\/lloguer-de-maquinaria\/#primaryimage","url":"https:\/\/reparacionsvic.com\/wp-content\/uploads\/2025\/06\/Foto-11-1024x683.jpg","contentUrl":"https:\/\/reparacionsvic.com\/wp-content\/uploads\/2025\/06\/Foto-11-1024x683.jpg"},{"@type":"BreadcrumbList","@id":"https:\/\/reparacionsvic.com\/lloguer-de-maquinaria\/#breadcrumb","itemListElement":[{"@type":"ListItem","position":1,"name":"Inici","item":"https:\/\/reparacionsvic.com\/"},{"@type":"ListItem","position":2,"name":"Lloguer de maquin\u00e0ria"}]},{"@type":"WebSite","@id":"https:\/\/reparacionsvic.com\/#website","url":"https:\/\/reparacionsvic.com\/","name":"Reparaciones vic","description":"Venta, alquiler y reparaci\u00f3n de maquinaria en Vic","potentialAction":[{"@type":"SearchAction","target":{"@type":"EntryPoint","urlTemplate":"https:\/\/reparacionsvic.com\/?s={search_term_string}"},"query-input":{"@type":"PropertyValueSpecification","valueRequired":true,"valueName":"search_term_string"}}],"inLanguage":"es"}]}},"_links":{"self":[{"href":"https:\/\/reparacionsvic.com\/es\/wp-json\/wp\/v2\/pages\/1812","targetHints":{"allow":["GET"]}}],"collection":[{"href":"https:\/\/reparacionsvic.com\/es\/wp-json\/wp\/v2\/pages"}],"about":[{"href":"https:\/\/reparacionsvic.com\/es\/wp-json\/wp\/v2\/types\/page"}],"author":[{"embeddable":true,"href":"https:\/\/reparacionsvic.com\/es\/wp-json\/wp\/v2\/users\/3"}],"replies":[{"embeddable":true,"href":"https:\/\/reparacionsvic.com\/es\/wp-json\/wp\/v2\/comments?post=1812"}],"version-history":[{"count":5,"href":"https:\/\/reparacionsvic.com\/es\/wp-json\/wp\/v2\/pages\/1812\/revisions"}],"predecessor-version":[{"id":1825,"href":"https:\/\/reparacionsvic.com\/es\/wp-json\/wp\/v2\/pages\/1812\/revisions\/1825"}],"wp:attachment":[{"href":"https:\/\/reparacionsvic.com\/es\/wp-json\/wp\/v2\/media?parent=1812"}],"curies":[{"name":"wp","href":"https:\/\/api.w.org\/{rel}","templated":true}]}}