{"id":1887,"date":"2025-11-14T08:02:35","date_gmt":"2025-11-14T07:02:35","guid":{"rendered":"https:\/\/reparacionsvic.com\/?page_id=1887"},"modified":"2025-11-14T08:09:15","modified_gmt":"2025-11-14T07:09:15","slug":"maquinaria-agricola-tona","status":"publish","type":"page","link":"https:\/\/reparacionsvic.com\/es\/maquinaria-agricola-tona\/","title":{"rendered":"Maquinaria agr\u00edcola Tone"},"content":{"rendered":"<div data-elementor-type=\"wp-page\" data-elementor-id=\"1887\" class=\"elementor elementor-1887\" data-elementor-post-type=\"page\">\n\t\t\t\t<div class=\"elementor-element elementor-element-ca2c308 e-flex e-con-boxed e-con e-parent\" data-id=\"ca2c308\" data-element_type=\"container\" data-settings=\"{&quot;background_background&quot;:&quot;classic&quot;}\">\n\t\t\t\t\t<div class=\"e-con-inner\">\n\t\t\t\t<div class=\"elementor-element elementor-element-6650f33 animated-slow elementor-invisible elementor-widget elementor-widget-heading\" data-id=\"6650f33\" data-element_type=\"widget\" data-settings=\"{&quot;_animation&quot;:&quot;fadeInDown&quot;}\" data-widget_type=\"heading.default\">\n\t\t\t\t<div class=\"elementor-widget-container\">\n\t\t\t\t\t<h1 class=\"elementor-heading-title elementor-size-default\">Maquinaria agr\u00edcola Tone<\/h1>\t\t\t\t<\/div>\n\t\t\t\t<\/div>\n\t\t\t\t\t<\/div>\n\t\t\t\t<\/div>\n\t\t<div class=\"elementor-element elementor-element-6ab98c8 e-grid e-con-boxed e-con e-parent\" data-id=\"6ab98c8\" data-element_type=\"container\">\n\t\t\t\t\t<div class=\"e-con-inner\">\n\t\t\t\t<div class=\"elementor-element elementor-element-0f9579c elementor-widget elementor-widget-text-editor\" data-id=\"0f9579c\" data-element_type=\"widget\" data-widget_type=\"text-editor.default\">\n\t\t\t\t<div class=\"elementor-widget-container\">\n\t\t\t\t\t\t\t\t\t<h2 data-start=\"361\" data-end=\"446\">Maquinaria agr\u00edcola cerca de Tona \u2013 Venta, alquiler y reparaci\u00f3n con especialistas del sector<\/h2><p data-start=\"448\" data-end=\"983\">En Reparacions Vic somos el referente en <strong>maquinaria agr\u00edcola cerca de Tona<\/strong> gracias a nuestra experiencia, a la calidad de los equipos con los que trabajamos y al compromiso con agricultores, ganaderos y profesionales del sector primario. Ofrecemos un servicio integral que abarca la nueva venta de maquinaria, la comercializaci\u00f3n de equipos de segunda mano, el alquiler y el servicio t\u00e9cnico especializado. Nuestra prioridad es que nuestros clientes dispongan de equipos eficientes, resistentes y preparados para asumir largas jornadas de trabajo con el m\u00e1ximo rendimiento. La <strong>maquinaria agr\u00edcola cerca de Tona<\/strong> es una herramienta esencial para la productividad del campo, por lo que apostamos por marcas reconocidas que garantizan precisi\u00f3n, seguridad y durabilidad.<\/p>\t\t\t\t\t\t\t\t<\/div>\n\t\t\t\t<\/div>\n\t\t\t\t<div class=\"elementor-element elementor-element-03ce914 elementor-widget elementor-widget-image\" data-id=\"03ce914\" data-element_type=\"widget\" data-widget_type=\"image.default\">\n\t\t\t\t<div class=\"elementor-widget-container\">\n\t\t\t\t\t\t\t\t\t\t\t\t\t\t\t<img fetchpriority=\"high\" decoding=\"async\" width=\"800\" height=\"640\" src=\"https:\/\/reparacionsvic.com\/wp-content\/uploads\/2025\/05\/farming-cereal-farms-2020-1024x819.jpg\" class=\"attachment-large size-large wp-image-1511\" alt=\"\" srcset=\"https:\/\/reparacionsvic.com\/wp-content\/uploads\/2025\/05\/farming-cereal-farms-2020-1024x819.jpg 1024w, https:\/\/reparacionsvic.com\/wp-content\/uploads\/2025\/05\/farming-cereal-farms-2020-300x240.jpg 300w, https:\/\/reparacionsvic.com\/wp-content\/uploads\/2025\/05\/farming-cereal-farms-2020-768x614.jpg 768w, https:\/\/reparacionsvic.com\/wp-content\/uploads\/2025\/05\/farming-cereal-farms-2020.jpg 1200w\" sizes=\"(max-width: 800px) 100vw, 800px\" \/>\t\t\t\t\t\t\t\t\t\t\t\t\t\t\t<\/div>\n\t\t\t\t<\/div>\n\t\t\t\t<div class=\"elementor-element elementor-element-12a69a2 elementor-widget elementor-widget-image\" data-id=\"12a69a2\" data-element_type=\"widget\" data-widget_type=\"image.default\">\n\t\t\t\t<div class=\"elementor-widget-container\">\n\t\t\t\t\t\t\t\t\t\t\t\t\t\t\t<img decoding=\"async\" width=\"800\" height=\"534\" src=\"https:\/\/reparacionsvic.com\/wp-content\/uploads\/2025\/05\/auger-torque-augers-extensions-gallery-1-1024x683.jpg\" class=\"attachment-large size-large wp-image-1526\" alt=\"\" srcset=\"https:\/\/reparacionsvic.com\/wp-content\/uploads\/2025\/05\/auger-torque-augers-extensions-gallery-1-1024x683.jpg 1024w, https:\/\/reparacionsvic.com\/wp-content\/uploads\/2025\/05\/auger-torque-augers-extensions-gallery-1-300x200.jpg 300w, https:\/\/reparacionsvic.com\/wp-content\/uploads\/2025\/05\/auger-torque-augers-extensions-gallery-1-768x512.jpg 768w, https:\/\/reparacionsvic.com\/wp-content\/uploads\/2025\/05\/auger-torque-augers-extensions-gallery-1.jpg 1200w\" sizes=\"(max-width: 800px) 100vw, 800px\" \/>\t\t\t\t\t\t\t\t\t\t\t\t\t\t\t<\/div>\n\t\t\t\t<\/div>\n\t\t\t\t<div class=\"elementor-element elementor-element-73095cc elementor-widget elementor-widget-text-editor\" data-id=\"73095cc\" data-element_type=\"widget\" data-widget_type=\"text-editor.default\">\n\t\t\t\t<div class=\"elementor-widget-container\">\n\t\t\t\t\t\t\t\t\t<h3 data-start=\"448\" data-end=\"983\">Soluciones a medida de maquinaria agr\u00edcola cerca de Tona<\/h3><p data-start=\"448\" data-end=\"983\">En Tona y el resto de Osona nos hemos consolidado como un partner de confianza, ofreciendo soluciones adaptadas a cada explotaci\u00f3n ya cada tipo de trabajo, desde las tareas m\u00e1s exigentes hasta las m\u00e1s cotidianas. Todo nuestro proceso de asesoramiento se basa en escuchar al cliente y comprender exactamente qu\u00e9 necesita, para recomendar la mejor m\u00e1quina para cada situaci\u00f3n.<\/p><p data-start=\"1528\" data-end=\"2099\">Nuestra gama de <strong>maquinaria agr\u00edcola cerca de Tona<\/strong> nueva incluye tractores, equipos para preparar el suelo, m\u00e1quinas de recolecci\u00f3n, herramientas de mantenimiento y maquinaria especializada para cultivos concretos. Todas estas unidades incorporan tecnolog\u00eda moderna, sistemas de control avanzados y motores eficientes que garantizan un trabajo m\u00e1s preciso y ahorro energ\u00e9tico. Cuando un profesional apuesta por nuevo equipo, busca fiabilidad a largo plazo y un rendimiento que justifique la inversi\u00f3n. Por eso s\u00f3lo trabajamos con fabricantes que ofrecen excelentes resultados en durabilidad y confort.<\/p>\t\t\t\t\t\t\t\t<\/div>\n\t\t\t\t<\/div>\n\t\t\t\t\t<\/div>\n\t\t\t\t<\/div>\n\t\t<div class=\"elementor-element elementor-element-c3a2ae3 e-grid e-con-boxed e-con e-parent\" data-id=\"c3a2ae3\" data-element_type=\"container\">\n\t\t\t\t\t<div class=\"e-con-inner\">\n\t\t\t\t<div class=\"elementor-element elementor-element-edb5650 elementor-widget elementor-widget-text-editor\" data-id=\"edb5650\" data-element_type=\"widget\" data-widget_type=\"text-editor.default\">\n\t\t\t\t<div class=\"elementor-widget-container\">\n\t\t\t\t\t\t\t\t\t<h3><b>Alquiler de maquinaria agr\u00edcola cerca de Tona: soporte t\u00e9cnico y servicio postventa profesional<\/b><\/h3><p data-start=\"2659\" data-end=\"3212\">El alquiler es otra de las soluciones que ofrecemos. Cada vez m\u00e1s profesionales optan por esta modalidad, especialmente cuando necesitan equipos puntualmente o por temporadas espec\u00edficas. El servicio de alquiler de <strong>maquinaria agr\u00edcola <\/strong>cerca <strong>de Tona<\/strong> permite trabajar siempre con equipos en perfecto estado, sin preocuparse de costes de amortizaci\u00f3n ni mantenimiento. Todas las m\u00e1quinas de nuestro parque de alquiler son revisadas y entregadas en condiciones \u00f3ptimas, incluyendo asistencia t\u00e9cnica en caso de incidencias para que el cliente no pierda tiempo ni rendimiento. Otro de los servicios m\u00e1s valorados es la reparaci\u00f3n y mantenimiento de <strong>maquinaria agr\u00edcola <\/strong>cerca<strong> de Tona<\/strong>. Contamos con un taller equipado con tecnolog\u00eda de diagn\u00f3stico avanzada y un equipo de t\u00e9cnicos especializados en mec\u00e1nica, hidr\u00e1ulica y electr\u00f3nica aplicada en el sector agr\u00edcola. Realizamos reparaciones de todo tipo, desde motores y transmisiones a sistemas electr\u00f3nicos, componentes estructurales y circuitos hidr\u00e1ulicos. Tambi\u00e9n ofrecemos programas de mantenimiento preventivo para reducir las probabilidades de aver\u00edas, alargar la vida \u00fatil de los equipos y optimizar su rendimiento.<\/p><p data-start=\"4107\" data-end=\"4441\">\u00a0<\/p>\t\t\t\t\t\t\t\t<\/div>\n\t\t\t\t<\/div>\n\t\t\t\t<div class=\"elementor-element elementor-element-007b925 elementor-widget elementor-widget-image\" data-id=\"007b925\" data-element_type=\"widget\" data-widget_type=\"image.default\">\n\t\t\t\t<div class=\"elementor-widget-container\">\n\t\t\t\t\t\t\t\t\t\t\t\t\t\t\t<img decoding=\"async\" width=\"800\" height=\"600\" src=\"https:\/\/reparacionsvic.com\/wp-content\/uploads\/2025\/05\/avant_02.jpg\" class=\"attachment-large size-large wp-image-1356\" alt=\"\" srcset=\"https:\/\/reparacionsvic.com\/wp-content\/uploads\/2025\/05\/avant_02.jpg 1024w, https:\/\/reparacionsvic.com\/wp-content\/uploads\/2025\/05\/avant_02-300x225.jpg 300w, https:\/\/reparacionsvic.com\/wp-content\/uploads\/2025\/05\/avant_02-768x576.jpg 768w\" sizes=\"(max-width: 800px) 100vw, 800px\" \/>\t\t\t\t\t\t\t\t\t\t\t\t\t\t\t<\/div>\n\t\t\t\t<\/div>\n\t\t\t\t<div class=\"elementor-element elementor-element-69ac650 elementor-widget elementor-widget-image\" data-id=\"69ac650\" data-element_type=\"widget\" data-widget_type=\"image.default\">\n\t\t\t\t<div class=\"elementor-widget-container\">\n\t\t\t\t\t\t\t\t\t\t\t\t\t\t\t<img loading=\"lazy\" decoding=\"async\" width=\"800\" height=\"601\" src=\"https:\/\/reparacionsvic.com\/wp-content\/uploads\/2025\/05\/A_RTFL_930_INDUSTRY_PRO_1.jpeg\" class=\"attachment-large size-large wp-image-1573\" alt=\"\" srcset=\"https:\/\/reparacionsvic.com\/wp-content\/uploads\/2025\/05\/A_RTFL_930_INDUSTRY_PRO_1.jpeg 991w, https:\/\/reparacionsvic.com\/wp-content\/uploads\/2025\/05\/A_RTFL_930_INDUSTRY_PRO_1-300x225.jpeg 300w, https:\/\/reparacionsvic.com\/wp-content\/uploads\/2025\/05\/A_RTFL_930_INDUSTRY_PRO_1-768x577.jpeg 768w\" sizes=\"(max-width: 800px) 100vw, 800px\" \/>\t\t\t\t\t\t\t\t\t\t\t\t\t\t\t<\/div>\n\t\t\t\t<\/div>\n\t\t\t\t<div class=\"elementor-element elementor-element-2a8ccc8 elementor-widget elementor-widget-text-editor\" data-id=\"2a8ccc8\" data-element_type=\"widget\" data-widget_type=\"text-editor.default\">\n\t\t\t\t<div class=\"elementor-widget-container\">\n\t\t\t\t\t\t\t\t\t<h3><b>Maquinaria agr\u00edcola en Vic: <\/b><b>soluciones profesionales para tu campo<\/b><\/h3><p><span style=\"font-weight: 400;\">La <\/span><b>maquinaria agr\u00edcola en Vic<\/b><span style=\"font-weight: 400;\"> de Reparacions Vic es sin\u00f3nimo de confianza, calidad y profesionalidad. Con una oferta completa, un soporte t\u00e9cnico experto y un compromiso con la sostenibilidad, estamos a tu lado para asegurar el \u00e9xito de tus proyectos agr\u00edcolas. Contacta con nosotros hoy para conocer todas las opciones y servicios que ponemos a tu disposici\u00f3n. Juntos, impulsaremos el futuro de tu explotaci\u00f3n agr\u00edcola.<\/span><\/p><p data-start=\"2101\" data-end=\"2657\">Tambi\u00e9n ofrecemos una l\u00ednea destacada de maquinaria agr\u00edcola de segunda mano en Tona, una opci\u00f3n ideal para profesionales que buscan equipos en perfecto estado pero con una inversi\u00f3n m\u00e1s reducida. Todas las m\u00e1quinas de ocasi\u00f3n pasan por un proceso exhaustivo de revisi\u00f3n, diagn\u00f3stico y puesta a punto. Nos aseguramos de que cada equipo est\u00e9 listo para trabajar desde el primer d\u00eda, con un funcionamiento fluido, seguro y fiable. La compra de maquinaria agr\u00edcola de ocasi\u00f3n es cada vez m\u00e1s habitual, y nosotros garantizamos que esta opci\u00f3n sea tan segura como comprar un nuevo equipo.<\/p>\t\t\t\t\t\t\t\t<\/div>\n\t\t\t\t<\/div>\n\t\t\t\t\t<\/div>\n\t\t\t\t<\/div>\n\t\t<div class=\"elementor-element elementor-element-5adf158 e-flex e-con-boxed e-con e-parent\" data-id=\"5adf158\" data-element_type=\"container\" data-settings=\"{&quot;background_background&quot;:&quot;classic&quot;}\">\n\t\t\t\t\t<div class=\"e-con-inner\">\n\t\t<div class=\"elementor-element elementor-element-ff6794c e-flex e-con-boxed e-con e-child\" data-id=\"ff6794c\" data-element_type=\"container\">\n\t\t\t\t\t<div class=\"e-con-inner\">\n\t\t\t\t<div class=\"elementor-element elementor-element-b0afc42 animated-slow elementor-invisible elementor-widget elementor-widget-text-editor\" data-id=\"b0afc42\" data-element_type=\"widget\" data-settings=\"{&quot;_animation&quot;:&quot;fadeInUp&quot;}\" data-widget_type=\"text-editor.default\">\n\t\t\t\t<div class=\"elementor-widget-container\">\n\t\t\t\t\t\t\t\t\t<p>\n<div class=\"wpcf7 no-js\" id=\"wpcf7-f7-o1\" lang=\"ca\" dir=\"ltr\" data-wpcf7-id=\"7\">\n<div class=\"screen-reader-response\"><p role=\"status\" aria-live=\"polite\" aria-atomic=\"true\"><\/p> <ul><\/ul><\/div>\n<form action=\"\/es\/wp-json\/wp\/v2\/pages\/1887#wpcf7-f7-o1\" method=\"post\" class=\"wpcf7-form init\" aria-label=\"Formulario de contacto\" novalidate=\"novalidate\" data-status=\"init\" data-trp-original-action=\"\/es\/wp-json\/wp\/v2\/pages\/1887#wpcf7-f7-o1\">\n<fieldset class=\"hidden-fields-container\"><input type=\"hidden\" name=\"_wpcf7\" value=\"7\" \/><input type=\"hidden\" name=\"_wpcf7_version\" value=\"6.1.2\" \/><input type=\"hidden\" name=\"_wpcf7_locale\" value=\"ca\" \/><input type=\"hidden\" name=\"_wpcf7_unit_tag\" value=\"wpcf7-f7-o1\" \/><input type=\"hidden\" name=\"_wpcf7_container_post\" value=\"0\" \/><input type=\"hidden\" name=\"_wpcf7_posted_data_hash\" value=\"\" \/><input type=\"hidden\" name=\"_wpcf7_recaptcha_response\" value=\"\" \/>\n<\/fieldset>\n<div class=\"form\">\n\t<p><span class=\"wpcf7-form-control-wrap\" data-name=\"your-name\"><input size=\"40\" maxlength=\"400\" class=\"wpcf7-form-control wpcf7-text wpcf7-validates-as-required\" aria-required=\"true\" aria-invalid=\"false\" placeholder=\"Nombre *\" value=\"\" type=\"text\" name=\"your-name\" \/><\/span>\n\t<\/p>\n<\/div>\n<div class=\"form\">\n\t<p><span class=\"wpcf7-form-control-wrap\" data-name=\"your-email\"><input size=\"40\" maxlength=\"400\" class=\"wpcf7-form-control wpcf7-email wpcf7-validates-as-required wpcf7-text wpcf7-validates-as-email\" aria-required=\"true\" aria-invalid=\"false\" placeholder=\"Email *\" value=\"\" type=\"email\" name=\"your-email\" \/><\/span>\n\t<\/p>\n<\/div>\n<div class=\"form\">\n\t<p><span class=\"wpcf7-form-control-wrap\" data-name=\"tel-802\"><input size=\"40\" maxlength=\"400\" class=\"wpcf7-form-control wpcf7-tel wpcf7-validates-as-required wpcf7-text wpcf7-validates-as-tel\" aria-required=\"true\" aria-invalid=\"false\" placeholder=\"Tel\u00e9fono *\" value=\"\" type=\"tel\" name=\"tel-802\" \/><\/span>\n\t<\/p>\n<\/div>\n<div class=\"form\">\n\t<p><span class=\"wpcf7-form-control-wrap\" data-name=\"your-message\"><textarea cols=\"40\" rows=\"4\" maxlength=\"2000\" class=\"wpcf7-form-control wpcf7-textarea wpcf7-validates-as-required\" aria-required=\"true\" aria-invalid=\"false\" placeholder=\"Mensaje *\" name=\"your-message\"><\/textarea><\/span>\n\t<\/p>\n<\/div>\n<div class=\"form\">\n\t<p><span class=\"wpcf7-form-control-wrap\" data-name=\"acceptance-902\"><span class=\"wpcf7-form-control wpcf7-acceptance\"><span class=\"wpcf7-list-item\"><label><input type=\"checkbox\" name=\"acceptance-902\" value=\"1\" aria-invalid=\"false\" \/><span class=\"wpcf7-list-item-label\">He le\u00eddo y acepto el <a href=\"\/es\/avis-legal\/\">aviso legal<\/a> y la <a href=\"\/es\/politica-de-privacitat\/\">pol\u00edtica de privacidad<\/a><\/span><\/label><\/span><\/span><\/span>\n\t<\/p>\n<\/div>\n<div class=\"form\">\n\t<p><input class=\"wpcf7-form-control wpcf7-submit has-spinner\" type=\"submit\" value=\"Enviar\" \/>\n\t<\/p>\n<\/div><div class=\"wpcf7-response-output\" aria-hidden=\"true\"><\/div>\n<input type=\"hidden\" name=\"trp-form-language\" value=\"es\"\/><\/form>\n<\/div>\n<\/p>\t\t\t\t\t\t\t\t<\/div>\n\t\t\t\t<\/div>\n\t\t\t\t\t<\/div>\n\t\t\t\t<\/div>\n\t\t<div class=\"elementor-element elementor-element-321332f e-flex e-con-boxed e-con e-child\" data-id=\"321332f\" data-element_type=\"container\">\n\t\t\t\t\t<div class=\"e-con-inner\">\n\t\t<div class=\"elementor-element elementor-element-2b16635 e-con-full e-flex e-con e-child\" data-id=\"2b16635\" data-element_type=\"container\">\n\t\t\t\t<div class=\"elementor-element elementor-element-2b56886 animated-slow elementor-invisible elementor-widget elementor-widget-heading\" data-id=\"2b56886\" data-element_type=\"widget\" data-settings=\"{&quot;_animation&quot;:&quot;fadeInDown&quot;}\" data-widget_type=\"heading.default\">\n\t\t\t\t<div class=\"elementor-widget-container\">\n\t\t\t\t\t<h3 class=\"elementor-heading-title elementor-size-default\">Pide informaci\u00f3n o presupuesto sin compromiso<\/h3>\t\t\t\t<\/div>\n\t\t\t\t<\/div>\n\t\t\t\t<div class=\"elementor-element elementor-element-68f8bcd elementor-widget-divider--separator-type-pattern elementor-widget-divider--view-line elementor-widget elementor-widget-divider\" data-id=\"68f8bcd\" data-element_type=\"widget\" data-widget_type=\"divider.default\">\n\t\t\t\t<div class=\"elementor-widget-container\">\n\t\t\t\t\t\t\t<div class=\"elementor-divider\" style=\"--divider-pattern-url: url(&quot;data:image\/svg+xml,%3Csvg xmlns=&#039;http:\/\/www.w3.org\/2000\/svg&#039; preserveAspectRatio=&#039;none&#039; overflow=&#039;visible&#039; height=&#039;100%&#039; viewBox=&#039;0 0 24 24&#039; fill=&#039;black&#039; stroke=&#039;none&#039;%3E%3Cpolygon points=&#039;9.4,2 24,2 14.6,21.6 0,21.6&#039;\/%3E%3C\/svg%3E&quot;);\">\n\t\t\t<span class=\"elementor-divider-separator\">\n\t\t\t\t\t\t<\/span>\n\t\t<\/div>\n\t\t\t\t\t\t<\/div>\n\t\t\t\t<\/div>\n\t\t\t\t<div class=\"elementor-element elementor-element-6abc9e5 animated-slow elementor-invisible elementor-widget elementor-widget-text-editor\" data-id=\"6abc9e5\" data-element_type=\"widget\" data-settings=\"{&quot;_animation&quot;:&quot;fadeInDown&quot;}\" data-widget_type=\"text-editor.default\">\n\t\t\t\t<div class=\"elementor-widget-container\">\n\t\t\t\t\t\t\t\t\t<p>Si quieres solicitar un presupuesto o tienes cualquier consulta, puedes llamarnos, enviarnos un correo electr\u00f3nico o rellenar nuestro formulario de contacto. \u00a1Responderemos lo antes posible!<\/p>\t\t\t\t\t\t\t\t<\/div>\n\t\t\t\t<\/div>\n\t\t\t\t<\/div>\n\t\t<div class=\"elementor-element elementor-element-3489826 e-con-full e-flex e-con e-child\" data-id=\"3489826\" data-element_type=\"container\" data-settings=\"{&quot;background_background&quot;:&quot;classic&quot;}\">\n\t\t\t\t<div class=\"elementor-element elementor-element-9201239 elementor-view-stacked elementor-shape-square elementor-position-left elementor-tablet-position-top animated-slow elementor-mobile-position-top elementor-invisible elementor-widget elementor-widget-icon-box\" data-id=\"9201239\" data-element_type=\"widget\" data-settings=\"{&quot;_animation&quot;:&quot;fadeInDown&quot;}\" data-widget_type=\"icon-box.default\">\n\t\t\t\t<div class=\"elementor-widget-container\">\n\t\t\t\t\t\t\t<div class=\"elementor-icon-box-wrapper\">\n\n\t\t\t\t\t\t<div class=\"elementor-icon-box-icon\">\n\t\t\t\t<a href=\"https:\/\/maps.app.goo.gl\/EdRipiikC2PUdgEG6\" target=\"_blank\" class=\"elementor-icon\" tabindex=\"-1\" aria-label=\"Direcci\u00f3n\">\n\t\t\t\t<i aria-hidden=\"true\" class=\"icon icon-map-marker1\"><\/i>\t\t\t\t<\/a>\n\t\t\t<\/div>\n\t\t\t\n\t\t\t\t\t\t<div class=\"elementor-icon-box-content\">\n\n\t\t\t\t\t\t\t\t\t<div class=\"elementor-icon-box-title\">\n\t\t\t\t\t\t<a href=\"https:\/\/maps.app.goo.gl\/EdRipiikC2PUdgEG6\" target=\"_blank\" >\n\t\t\t\t\t\t\tDirecci\u00f3n\t\t\t\t\t\t<\/a>\n\t\t\t\t\t<\/div>\n\t\t\t\t\n\t\t\t\t\t\t\t\t\t<p class=\"elementor-icon-box-description\">\n\t\t\t\t\t\tCalle Sot dels Pradals, 15 08500 Vic, Barcelona\t\t\t\t\t<\/p>\n\t\t\t\t\n\t\t\t<\/div>\n\t\t\t\n\t\t<\/div>\n\t\t\t\t\t\t<\/div>\n\t\t\t\t<\/div>\n\t\t\t\t<div class=\"elementor-element elementor-element-c7c982c elementor-view-stacked elementor-shape-square elementor-position-left elementor-tablet-position-top animated-slow elementor-mobile-position-top elementor-invisible elementor-widget elementor-widget-icon-box\" data-id=\"c7c982c\" data-element_type=\"widget\" data-settings=\"{&quot;_animation&quot;:&quot;fadeInDown&quot;}\" data-widget_type=\"icon-box.default\">\n\t\t\t\t<div class=\"elementor-widget-container\">\n\t\t\t\t\t\t\t<div class=\"elementor-icon-box-wrapper\">\n\n\t\t\t\t\t\t<div class=\"elementor-icon-box-icon\">\n\t\t\t\t<a href=\"tel:%2034931287192\" class=\"elementor-icon\" tabindex=\"-1\" aria-label=\"Tel\u00e9fono\">\n\t\t\t\t<svg aria-hidden=\"true\" class=\"e-font-icon-svg e-fas-mobile-alt\" viewbox=\"0 0 320 512\" xmlns=\"http:\/\/www.w3.org\/2000\/svg\"><path d=\"M272 0H48C21.5 0 0 21.5 0 48v416c0 26.5 21.5 48 48 48h224c26.5 0 48-21.5 48-48V48c0-26.5-21.5-48-48-48zM160 480c-17.7 0-32-14.3-32-32s14.3-32 32-32 32 14.3 32 32-14.3 32-32 32zm112-108c0 6.6-5.4 12-12 12H60c-6.6 0-12-5.4-12-12V60c0-6.6 5.4-12 12-12h200c6.6 0 12 5.4 12 12v312z\"><\/path><\/svg>\t\t\t\t<\/a>\n\t\t\t<\/div>\n\t\t\t\n\t\t\t\t\t\t<div class=\"elementor-icon-box-content\">\n\n\t\t\t\t\t\t\t\t\t<div class=\"elementor-icon-box-title\">\n\t\t\t\t\t\t<a href=\"tel:%2034931287192\" >\n\t\t\t\t\t\t\tTel\u00e9fono\t\t\t\t\t\t<\/a>\n\t\t\t\t\t<\/div>\n\t\t\t\t\n\t\t\t\t\t\t\t\t\t<p class=\"elementor-icon-box-description\">\n\t\t\t\t\t\t+34 93 128 71 92\t\t\t\t\t<\/p>\n\t\t\t\t\n\t\t\t<\/div>\n\t\t\t\n\t\t<\/div>\n\t\t\t\t\t\t<\/div>\n\t\t\t\t<\/div>\n\t\t\t\t<div class=\"elementor-element elementor-element-261078e elementor-view-stacked elementor-shape-square elementor-position-left elementor-tablet-position-top animated-slow elementor-mobile-position-top elementor-invisible elementor-widget elementor-widget-icon-box\" data-id=\"261078e\" data-element_type=\"widget\" data-settings=\"{&quot;_animation&quot;:&quot;fadeInDown&quot;}\" data-widget_type=\"icon-box.default\">\n\t\t\t\t<div class=\"elementor-widget-container\">\n\t\t\t\t\t\t\t<div class=\"elementor-icon-box-wrapper\">\n\n\t\t\t\t\t\t<div class=\"elementor-icon-box-icon\">\n\t\t\t\t<a href=\"mailto:%20info@reparacionsvic.com\" class=\"elementor-icon\" tabindex=\"-1\" aria-label=\"Email\">\n\t\t\t\t<i aria-hidden=\"true\" class=\"icon icon-contact\"><\/i>\t\t\t\t<\/a>\n\t\t\t<\/div>\n\t\t\t\n\t\t\t\t\t\t<div class=\"elementor-icon-box-content\">\n\n\t\t\t\t\t\t\t\t\t<div class=\"elementor-icon-box-title\">\n\t\t\t\t\t\t<a href=\"mailto:%20info@reparacionsvic.com\" >\n\t\t\t\t\t\t\tEmail\t\t\t\t\t\t<\/a>\n\t\t\t\t\t<\/div>\n\t\t\t\t\n\t\t\t\t\t\t\t\t\t<p class=\"elementor-icon-box-description\">\n\t\t\t\t\t\tinfo@reparacionsvic.com\t\t\t\t\t<\/p>\n\t\t\t\t\n\t\t\t<\/div>\n\t\t\t\n\t\t<\/div>\n\t\t\t\t\t\t<\/div>\n\t\t\t\t<\/div>\n\t\t\t\t<\/div>\n\t\t\t\t\t<\/div>\n\t\t\t\t<\/div>\n\t\t\t\t\t<\/div>\n\t\t\t\t<\/div>\n\t\t\t\t<\/div>","protected":false},"excerpt":{"rendered":"<p>Maquinaria agr\u00edcola a prop de Tona \u2013 Venda, lloguer i reparaci\u00f3 amb especialistes del sector A Reparacions Vic som el referent en maquinaria agr\u00edcola a prop de Tona gr\u00e0cies a la nostra experi\u00e8ncia, a la qualitat dels equips amb qu\u00e8 treballem i al comprom\u00eds amb agricultors, ramaders i professionals del sector primari. Oferim un servei [&hellip;]<\/p>","protected":false},"author":3,"featured_media":0,"parent":0,"menu_order":0,"comment_status":"closed","ping_status":"closed","template":"","meta":{"_acf_changed":false,"footnotes":""},"class_list":["post-1887","page","type-page","status-publish","hentry"],"acf":[],"yoast_head":"<!-- This site is optimized with the Yoast SEO plugin v26.1.1 - https:\/\/yoast.com\/wordpress\/plugins\/seo\/ -->\n<title>Maquin\u00e0ria agr\u00edcola Tona - Reparacions Vic<\/title>\n<meta name=\"robots\" content=\"index, follow, max-snippet:-1, max-image-preview:large, max-video-preview:-1\" \/>\n<link rel=\"canonical\" href=\"https:\/\/reparacionsvic.com\/es\/maquinaria-agricola-tona\/\" \/>\n<meta property=\"og:locale\" content=\"es_ES\" \/>\n<meta property=\"og:type\" content=\"article\" \/>\n<meta property=\"og:title\" content=\"Maquin\u00e0ria agr\u00edcola Tona - Reparacions Vic\" \/>\n<meta property=\"og:description\" content=\"Maquinaria agr\u00edcola a prop de Tona \u2013 Venda, lloguer i reparaci\u00f3 amb especialistes del sector A Reparacions Vic som el referent en maquinaria agr\u00edcola a prop de Tona gr\u00e0cies a la nostra experi\u00e8ncia, a la qualitat dels equips amb qu\u00e8 treballem i al comprom\u00eds amb agricultors, ramaders i professionals del sector primari. Oferim un servei [&hellip;]\" \/>\n<meta property=\"og:url\" content=\"https:\/\/reparacionsvic.com\/es\/maquinaria-agricola-tona\/\" \/>\n<meta property=\"og:site_name\" content=\"Reparacions Vic\" \/>\n<meta property=\"article:modified_time\" content=\"2025-11-14T07:09:15+00:00\" \/>\n<meta property=\"og:image\" content=\"https:\/\/reparacionsvic.com\/wp-content\/uploads\/2025\/05\/farming-cereal-farms-2020.jpg\" \/>\n\t<meta property=\"og:image:width\" content=\"1200\" \/>\n\t<meta property=\"og:image:height\" content=\"960\" \/>\n\t<meta property=\"og:image:type\" content=\"image\/jpeg\" \/>\n<meta name=\"twitter:card\" content=\"summary_large_image\" \/>\n<meta name=\"twitter:label1\" content=\"Tiempo de lectura\" \/>\n\t<meta name=\"twitter:data1\" content=\"5 minutos\" \/>\n<script type=\"application\/ld+json\" class=\"yoast-schema-graph\">{\"@context\":\"https:\/\/schema.org\",\"@graph\":[{\"@type\":\"WebPage\",\"@id\":\"https:\/\/reparacionsvic.com\/maquinaria-agricola-tona\/\",\"url\":\"https:\/\/reparacionsvic.com\/maquinaria-agricola-tona\/\",\"name\":\"Maquin\u00e0ria agr\u00edcola Tona - Reparacions Vic\",\"isPartOf\":{\"@id\":\"https:\/\/reparacionsvic.com\/#website\"},\"primaryImageOfPage\":{\"@id\":\"https:\/\/reparacionsvic.com\/maquinaria-agricola-tona\/#primaryimage\"},\"image\":{\"@id\":\"https:\/\/reparacionsvic.com\/maquinaria-agricola-tona\/#primaryimage\"},\"thumbnailUrl\":\"https:\/\/reparacionsvic.com\/wp-content\/uploads\/2025\/05\/farming-cereal-farms-2020-1024x819.jpg\",\"datePublished\":\"2025-11-14T07:02:35+00:00\",\"dateModified\":\"2025-11-14T07:09:15+00:00\",\"breadcrumb\":{\"@id\":\"https:\/\/reparacionsvic.com\/maquinaria-agricola-tona\/#breadcrumb\"},\"inLanguage\":\"es\",\"potentialAction\":[{\"@type\":\"ReadAction\",\"target\":[\"https:\/\/reparacionsvic.com\/maquinaria-agricola-tona\/\"]}]},{\"@type\":\"ImageObject\",\"inLanguage\":\"es\",\"@id\":\"https:\/\/reparacionsvic.com\/maquinaria-agricola-tona\/#primaryimage\",\"url\":\"https:\/\/reparacionsvic.com\/wp-content\/uploads\/2025\/05\/farming-cereal-farms-2020-1024x819.jpg\",\"contentUrl\":\"https:\/\/reparacionsvic.com\/wp-content\/uploads\/2025\/05\/farming-cereal-farms-2020-1024x819.jpg\"},{\"@type\":\"BreadcrumbList\",\"@id\":\"https:\/\/reparacionsvic.com\/maquinaria-agricola-tona\/#breadcrumb\",\"itemListElement\":[{\"@type\":\"ListItem\",\"position\":1,\"name\":\"Inici\",\"item\":\"https:\/\/reparacionsvic.com\/\"},{\"@type\":\"ListItem\",\"position\":2,\"name\":\"Maquin\u00e0ria agr\u00edcola Tona\"}]},{\"@type\":\"WebSite\",\"@id\":\"https:\/\/reparacionsvic.com\/#website\",\"url\":\"https:\/\/reparacionsvic.com\/\",\"name\":\"Reparacions vic\",\"description\":\"Venta, lloguer i reparaci\u00f3 de maquin\u00e0ria a Vic\",\"potentialAction\":[{\"@type\":\"SearchAction\",\"target\":{\"@type\":\"EntryPoint\",\"urlTemplate\":\"https:\/\/reparacionsvic.com\/?s={search_term_string}\"},\"query-input\":{\"@type\":\"PropertyValueSpecification\",\"valueRequired\":true,\"valueName\":\"search_term_string\"}}],\"inLanguage\":\"es\"}]}<\/script>\n<!-- \/ Yoast SEO plugin. -->","yoast_head_json":{"title":"Maquin\u00e0ria agr\u00edcola Tona - Reparacions Vic","robots":{"index":"index","follow":"follow","max-snippet":"max-snippet:-1","max-image-preview":"max-image-preview:large","max-video-preview":"max-video-preview:-1"},"canonical":"https:\/\/reparacionsvic.com\/es\/maquinaria-agricola-tona\/","og_locale":"es_ES","og_type":"article","og_title":"Maquin\u00e0ria agr\u00edcola Tona - Reparacions Vic","og_description":"Maquinaria agr\u00edcola a prop de Tona \u2013 Venda, lloguer i reparaci\u00f3 amb especialistes del sector A Reparacions Vic som el referent en maquinaria agr\u00edcola a prop de Tona gr\u00e0cies a la nostra experi\u00e8ncia, a la qualitat dels equips amb qu\u00e8 treballem i al comprom\u00eds amb agricultors, ramaders i professionals del sector primari. Oferim un servei [&hellip;]","og_url":"https:\/\/reparacionsvic.com\/es\/maquinaria-agricola-tona\/","og_site_name":"Reparacions Vic","article_modified_time":"2025-11-14T07:09:15+00:00","og_image":[{"width":1200,"height":960,"url":"https:\/\/reparacionsvic.com\/wp-content\/uploads\/2025\/05\/farming-cereal-farms-2020.jpg","type":"image\/jpeg"}],"twitter_card":"summary_large_image","twitter_misc":{"Tiempo de lectura":"5 minutos"},"schema":{"@context":"https:\/\/schema.org","@graph":[{"@type":"WebPage","@id":"https:\/\/reparacionsvic.com\/maquinaria-agricola-tona\/","url":"https:\/\/reparacionsvic.com\/maquinaria-agricola-tona\/","name":"Maquin\u00e0ria agr\u00edcola Tona - Reparacions Vic","isPartOf":{"@id":"https:\/\/reparacionsvic.com\/#website"},"primaryImageOfPage":{"@id":"https:\/\/reparacionsvic.com\/maquinaria-agricola-tona\/#primaryimage"},"image":{"@id":"https:\/\/reparacionsvic.com\/maquinaria-agricola-tona\/#primaryimage"},"thumbnailUrl":"https:\/\/reparacionsvic.com\/wp-content\/uploads\/2025\/05\/farming-cereal-farms-2020-1024x819.jpg","datePublished":"2025-11-14T07:02:35+00:00","dateModified":"2025-11-14T07:09:15+00:00","breadcrumb":{"@id":"https:\/\/reparacionsvic.com\/maquinaria-agricola-tona\/#breadcrumb"},"inLanguage":"es","potentialAction":[{"@type":"ReadAction","target":["https:\/\/reparacionsvic.com\/maquinaria-agricola-tona\/"]}]},{"@type":"ImageObject","inLanguage":"es","@id":"https:\/\/reparacionsvic.com\/maquinaria-agricola-tona\/#primaryimage","url":"https:\/\/reparacionsvic.com\/wp-content\/uploads\/2025\/05\/farming-cereal-farms-2020-1024x819.jpg","contentUrl":"https:\/\/reparacionsvic.com\/wp-content\/uploads\/2025\/05\/farming-cereal-farms-2020-1024x819.jpg"},{"@type":"BreadcrumbList","@id":"https:\/\/reparacionsvic.com\/maquinaria-agricola-tona\/#breadcrumb","itemListElement":[{"@type":"ListItem","position":1,"name":"Inici","item":"https:\/\/reparacionsvic.com\/"},{"@type":"ListItem","position":2,"name":"Maquin\u00e0ria agr\u00edcola Tona"}]},{"@type":"WebSite","@id":"https:\/\/reparacionsvic.com\/#website","url":"https:\/\/reparacionsvic.com\/","name":"Reparaciones vic","description":"Venta, alquiler y reparaci\u00f3n de maquinaria en Vic","potentialAction":[{"@type":"SearchAction","target":{"@type":"EntryPoint","urlTemplate":"https:\/\/reparacionsvic.com\/?s={search_term_string}"},"query-input":{"@type":"PropertyValueSpecification","valueRequired":true,"valueName":"search_term_string"}}],"inLanguage":"es"}]}},"_links":{"self":[{"href":"https:\/\/reparacionsvic.com\/es\/wp-json\/wp\/v2\/pages\/1887","targetHints":{"allow":["GET"]}}],"collection":[{"href":"https:\/\/reparacionsvic.com\/es\/wp-json\/wp\/v2\/pages"}],"about":[{"href":"https:\/\/reparacionsvic.com\/es\/wp-json\/wp\/v2\/types\/page"}],"author":[{"embeddable":true,"href":"https:\/\/reparacionsvic.com\/es\/wp-json\/wp\/v2\/users\/3"}],"replies":[{"embeddable":true,"href":"https:\/\/reparacionsvic.com\/es\/wp-json\/wp\/v2\/comments?post=1887"}],"version-history":[{"count":4,"href":"https:\/\/reparacionsvic.com\/es\/wp-json\/wp\/v2\/pages\/1887\/revisions"}],"predecessor-version":[{"id":1891,"href":"https:\/\/reparacionsvic.com\/es\/wp-json\/wp\/v2\/pages\/1887\/revisions\/1891"}],"wp:attachment":[{"href":"https:\/\/reparacionsvic.com\/es\/wp-json\/wp\/v2\/media?parent=1887"}],"curies":[{"name":"wp","href":"https:\/\/api.w.org\/{rel}","templated":true}]}}