{"id":1892,"date":"2025-11-14T08:10:31","date_gmt":"2025-11-14T07:10:31","guid":{"rendered":"https:\/\/reparacionsvic.com\/?page_id=1892"},"modified":"2025-11-14T08:15:36","modified_gmt":"2025-11-14T07:15:36","slug":"lloguer-de-maquinaria-vic","status":"publish","type":"page","link":"https:\/\/reparacionsvic.com\/es\/lloguer-de-maquinaria-vic\/","title":{"rendered":"Alquiler de maquinaria Vic"},"content":{"rendered":"<div data-elementor-type=\"wp-page\" data-elementor-id=\"1892\" class=\"elementor elementor-1892\" data-elementor-post-type=\"page\">\n\t\t\t\t<div class=\"elementor-element elementor-element-ca2c308 e-flex e-con-boxed e-con e-parent\" data-id=\"ca2c308\" data-element_type=\"container\" data-settings=\"{&quot;background_background&quot;:&quot;classic&quot;}\">\n\t\t\t\t\t<div class=\"e-con-inner\">\n\t\t\t\t<div class=\"elementor-element elementor-element-6650f33 animated-slow elementor-invisible elementor-widget elementor-widget-heading\" data-id=\"6650f33\" data-element_type=\"widget\" data-settings=\"{&quot;_animation&quot;:&quot;fadeInDown&quot;}\" data-widget_type=\"heading.default\">\n\t\t\t\t<div class=\"elementor-widget-container\">\n\t\t\t\t\t<h1 class=\"elementor-heading-title elementor-size-default\">Alquiler de maquinaria Vic<\/h1>\t\t\t\t<\/div>\n\t\t\t\t<\/div>\n\t\t\t\t\t<\/div>\n\t\t\t\t<\/div>\n\t\t<div class=\"elementor-element elementor-element-6ab98c8 e-grid e-con-boxed e-con e-parent\" data-id=\"6ab98c8\" data-element_type=\"container\">\n\t\t\t\t\t<div class=\"e-con-inner\">\n\t\t\t\t<div class=\"elementor-element elementor-element-0f9579c elementor-widget elementor-widget-text-editor\" data-id=\"0f9579c\" data-element_type=\"widget\" data-widget_type=\"text-editor.default\">\n\t\t\t\t<div class=\"elementor-widget-container\">\n\t\t\t\t\t\t\t\t\t<h2 data-start=\"4509\" data-end=\"4602\">Alquiler de maquinaria en Vic: soluciones flexibles para profesionales y empresas<\/h2><p data-start=\"4604\" data-end=\"5049\">El servicio de <strong>alquiler de maquinaria en Vic<\/strong> se ha convertido en una de las opciones m\u00e1s \u00fatiles y rentables para empresas de construcci\u00f3n, profesionales aut\u00f3nomos, agricultores e industrias que necesitan equipos puntualmente o que prefieren evitar elevadas inversiones. En Reparacions Vic ofrecemos un servicio completo y personalizado que permite trabajar siempre con maquinaria en perfecto estado, revisada y preparada para afrontar cualquier tarea con garant\u00edas.<\/p><p data-start=\"5051\" data-end=\"5590\">Nuestro objetivo es proporcionar soluciones pr\u00e1cticas que se adapten exactamente a las necesidades de cada cliente. Sabemos que no todos los proyectos son iguales y, a menudo, las necesidades de maquinaria cambian en funci\u00f3n del volumen de trabajo, la duraci\u00f3n y las condiciones de la obra o la actividad. Por eso apostamos por una modalidad flexible que ofrece maquinaria moderna sin tener que realizar una compra obligada. Alquilar permite asumir costes s\u00f3lo cuando realmente es necesario, sin preocupaciones por el mantenimiento, la amortizaci\u00f3n o el almacenamiento.<\/p>\t\t\t\t\t\t\t\t<\/div>\n\t\t\t\t<\/div>\n\t\t\t\t<div class=\"elementor-element elementor-element-03ce914 elementor-widget elementor-widget-image\" data-id=\"03ce914\" data-element_type=\"widget\" data-widget_type=\"image.default\">\n\t\t\t\t<div class=\"elementor-widget-container\">\n\t\t\t\t\t\t\t\t\t\t\t\t\t\t\t<img fetchpriority=\"high\" decoding=\"async\" width=\"800\" height=\"640\" src=\"https:\/\/reparacionsvic.com\/wp-content\/uploads\/2025\/05\/farming-cereal-farms-2020-1024x819.jpg\" class=\"attachment-large size-large wp-image-1511\" alt=\"\" srcset=\"https:\/\/reparacionsvic.com\/wp-content\/uploads\/2025\/05\/farming-cereal-farms-2020-1024x819.jpg 1024w, https:\/\/reparacionsvic.com\/wp-content\/uploads\/2025\/05\/farming-cereal-farms-2020-300x240.jpg 300w, https:\/\/reparacionsvic.com\/wp-content\/uploads\/2025\/05\/farming-cereal-farms-2020-768x614.jpg 768w, https:\/\/reparacionsvic.com\/wp-content\/uploads\/2025\/05\/farming-cereal-farms-2020.jpg 1200w\" sizes=\"(max-width: 800px) 100vw, 800px\" \/>\t\t\t\t\t\t\t\t\t\t\t\t\t\t\t<\/div>\n\t\t\t\t<\/div>\n\t\t\t\t<div class=\"elementor-element elementor-element-12a69a2 elementor-widget elementor-widget-image\" data-id=\"12a69a2\" data-element_type=\"widget\" data-widget_type=\"image.default\">\n\t\t\t\t<div class=\"elementor-widget-container\">\n\t\t\t\t\t\t\t\t\t\t\t\t\t\t\t<img decoding=\"async\" width=\"800\" height=\"534\" src=\"https:\/\/reparacionsvic.com\/wp-content\/uploads\/2025\/05\/auger-torque-augers-extensions-gallery-1-1024x683.jpg\" class=\"attachment-large size-large wp-image-1526\" alt=\"\" srcset=\"https:\/\/reparacionsvic.com\/wp-content\/uploads\/2025\/05\/auger-torque-augers-extensions-gallery-1-1024x683.jpg 1024w, https:\/\/reparacionsvic.com\/wp-content\/uploads\/2025\/05\/auger-torque-augers-extensions-gallery-1-300x200.jpg 300w, https:\/\/reparacionsvic.com\/wp-content\/uploads\/2025\/05\/auger-torque-augers-extensions-gallery-1-768x512.jpg 768w, https:\/\/reparacionsvic.com\/wp-content\/uploads\/2025\/05\/auger-torque-augers-extensions-gallery-1.jpg 1200w\" sizes=\"(max-width: 800px) 100vw, 800px\" \/>\t\t\t\t\t\t\t\t\t\t\t\t\t\t\t<\/div>\n\t\t\t\t<\/div>\n\t\t\t\t<div class=\"elementor-element elementor-element-73095cc elementor-widget elementor-widget-text-editor\" data-id=\"73095cc\" data-element_type=\"widget\" data-widget_type=\"text-editor.default\">\n\t\t\t\t<div class=\"elementor-widget-container\">\n\t\t\t\t\t\t\t\t\t<h3 data-start=\"5592\" data-end=\"6051\">\u00bfQu\u00e9 incluye nuestra oferta de alquiler de maquinaria en Vic?<\/h3><p data-start=\"5592\" data-end=\"6051\">Nuestra oferta de <strong>alquiler de maquinaria en Vic<\/strong> incluye maquinaria agr\u00edcola, equipos de obra p\u00fablica, herramientas para movimiento de tierras, miniexcavadoras, excavadoras, plataformas y otros equipos especializados. Cada unidad se revisa minuciosamente antes de la entrega para garantizar un funcionamiento fluido y seguro. Nuestro equipo t\u00e9cnico se encarga de que cada m\u00e1quina llegue en condiciones \u00f3ptimas para que el cliente pueda empezar a trabajar de inmediato, sin interrupciones ni sorpresas.<\/p><p data-start=\"6053\" data-end=\"6489\">Una de las mayores ventajas del alquiler de maquinaria en Vic es la posibilidad de trabajar siempre con equipos actualizados y tecnol\u00f3gicamente avanzados. La maquinaria de \u00faltima generaci\u00f3n ofrece mejores resultados, mayor seguridad y un consumo energ\u00e9tico m\u00e1s eficiente. Para muchos profesionales, tener acceso a equipos modernos sin necesidad de compra es un gran beneficio que permite incrementar la productividad y reducir costes operativos.<\/p>\t\t\t\t\t\t\t\t<\/div>\n\t\t\t\t<\/div>\n\t\t\t\t\t<\/div>\n\t\t\t\t<\/div>\n\t\t<div class=\"elementor-element elementor-element-c3a2ae3 e-grid e-con-boxed e-con e-parent\" data-id=\"c3a2ae3\" data-element_type=\"container\">\n\t\t\t\t\t<div class=\"e-con-inner\">\n\t\t\t\t<div class=\"elementor-element elementor-element-edb5650 elementor-widget elementor-widget-text-editor\" data-id=\"edb5650\" data-element_type=\"widget\" data-widget_type=\"text-editor.default\">\n\t\t\t\t<div class=\"elementor-widget-container\">\n\t\t\t\t\t\t\t\t\t<h3 data-start=\"6491\" data-end=\"6890\">Contrata nuestro alquiler de maquinaria en Vic<\/h3><p data-start=\"6491\" data-end=\"6890\">Nuestro servicio de<strong> alquiler de maquinaria en Vic<\/strong> destaca tambi\u00e9n por la rapidez y eficiencia en la entrega y recogida de la maquinaria. Sabemos que el tiempo es un factor clave en cualquier proyecto y que una parada imprevista puede suponer una significativa p\u00e9rdida econ\u00f3mica. Por eso ofrecemos asistencia t\u00e9cnica inmediata en caso de incidencias y sustituci\u00f3n de equipos cuando es necesario, para que nuestros clientes no se queden nunca parados. Adem\u00e1s del <strong>alquiler de maquinaria en Vic<\/strong>, proporcionamos asesoramiento personalizado para ayudar a los clientes a elegir la m\u00e1quina m\u00e1s adecuada seg\u00fan el tipo de trabajo que deben realizar. A menudo, la correcta selecci\u00f3n de un equipo puede marcar una diferencia enorme en el ritmo y la calidad del trabajo. Nuestra experiencia nos permite recomendar soluciones adaptadas, ahorrar tiempo y evitar costes innecesarios.<\/p><p data-start=\"7280\" data-end=\"7584\">Otra gran ventaja del alquiler es la flexibilidad en su duraci\u00f3n. Ofrecemos alquileres de corta, media y larga duraci\u00f3n, adaptados exactamente a las necesidades del cliente. Tanto si se trata de una obra puntual como de proyecto recurrente, nuestro servicio se adapta a cada situaci\u00f3n sin compromisos r\u00edgidos.<\/p>\t\t\t\t\t\t\t\t<\/div>\n\t\t\t\t<\/div>\n\t\t\t\t<div class=\"elementor-element elementor-element-007b925 elementor-widget elementor-widget-image\" data-id=\"007b925\" data-element_type=\"widget\" data-widget_type=\"image.default\">\n\t\t\t\t<div class=\"elementor-widget-container\">\n\t\t\t\t\t\t\t\t\t\t\t\t\t\t\t<img decoding=\"async\" width=\"800\" height=\"600\" src=\"https:\/\/reparacionsvic.com\/wp-content\/uploads\/2025\/05\/avant_02.jpg\" class=\"attachment-large size-large wp-image-1356\" alt=\"\" srcset=\"https:\/\/reparacionsvic.com\/wp-content\/uploads\/2025\/05\/avant_02.jpg 1024w, https:\/\/reparacionsvic.com\/wp-content\/uploads\/2025\/05\/avant_02-300x225.jpg 300w, https:\/\/reparacionsvic.com\/wp-content\/uploads\/2025\/05\/avant_02-768x576.jpg 768w\" sizes=\"(max-width: 800px) 100vw, 800px\" \/>\t\t\t\t\t\t\t\t\t\t\t\t\t\t\t<\/div>\n\t\t\t\t<\/div>\n\t\t\t\t<div class=\"elementor-element elementor-element-69ac650 elementor-widget elementor-widget-image\" data-id=\"69ac650\" data-element_type=\"widget\" data-widget_type=\"image.default\">\n\t\t\t\t<div class=\"elementor-widget-container\">\n\t\t\t\t\t\t\t\t\t\t\t\t\t\t\t<img loading=\"lazy\" decoding=\"async\" width=\"800\" height=\"601\" src=\"https:\/\/reparacionsvic.com\/wp-content\/uploads\/2025\/05\/A_RTFL_930_INDUSTRY_PRO_1.jpeg\" class=\"attachment-large size-large wp-image-1573\" alt=\"\" srcset=\"https:\/\/reparacionsvic.com\/wp-content\/uploads\/2025\/05\/A_RTFL_930_INDUSTRY_PRO_1.jpeg 991w, https:\/\/reparacionsvic.com\/wp-content\/uploads\/2025\/05\/A_RTFL_930_INDUSTRY_PRO_1-300x225.jpeg 300w, https:\/\/reparacionsvic.com\/wp-content\/uploads\/2025\/05\/A_RTFL_930_INDUSTRY_PRO_1-768x577.jpeg 768w\" sizes=\"(max-width: 800px) 100vw, 800px\" \/>\t\t\t\t\t\t\t\t\t\t\t\t\t\t\t<\/div>\n\t\t\t\t<\/div>\n\t\t\t\t<div class=\"elementor-element elementor-element-2a8ccc8 elementor-widget elementor-widget-text-editor\" data-id=\"2a8ccc8\" data-element_type=\"widget\" data-widget_type=\"text-editor.default\">\n\t\t\t\t<div class=\"elementor-widget-container\">\n\t\t\t\t\t\t\t\t\t<h2 data-start=\"7586\" data-end=\"7995\">Pide presupuesto para tu alquiler de maquinaria en Vic<\/h2><p data-start=\"7586\" data-end=\"7995\">Trabajar con nosotros significa tener a su lado un equipo de confianza que combina experiencia, profesionalidad y un profundo conocimiento del sector.<\/p><p data-start=\"7586\" data-end=\"7995\">Somos conscientes de que la maquinaria es una pieza clave en muchas actividades y de que la fiabilidad es imprescindible. Por eso mantenemos un parque de maquinaria en constante actualizaci\u00f3n y revisi\u00f3n, asegurando que cada unidad est\u00e9 siempre al m\u00e1ximo nivel de rendimiento.<\/p><p data-start=\"7997\" data-end=\"8412\">El <strong>alquiler de maquinaria en Vic<\/strong> con Reparaciones Vic es la soluci\u00f3n perfecta para empresas que desean optimizar recursos, para profesionales que necesitan equipos puntualmente y para cualquier persona que busque un servicio eficiente y sin complicaciones. Ofrecemos la combinaci\u00f3n ideal entre calidad, flexibilidad, precio y asistencia t\u00e9cnica, convirti\u00e9ndonos en un colaborador indispensable para el d\u00eda a d\u00eda del sector.<\/p>\t\t\t\t\t\t\t\t<\/div>\n\t\t\t\t<\/div>\n\t\t\t\t\t<\/div>\n\t\t\t\t<\/div>\n\t\t<div class=\"elementor-element elementor-element-5adf158 e-flex e-con-boxed e-con e-parent\" data-id=\"5adf158\" data-element_type=\"container\" data-settings=\"{&quot;background_background&quot;:&quot;classic&quot;}\">\n\t\t\t\t\t<div class=\"e-con-inner\">\n\t\t<div class=\"elementor-element elementor-element-ff6794c e-flex e-con-boxed e-con e-child\" data-id=\"ff6794c\" data-element_type=\"container\">\n\t\t\t\t\t<div class=\"e-con-inner\">\n\t\t\t\t<div class=\"elementor-element elementor-element-b0afc42 animated-slow elementor-invisible elementor-widget elementor-widget-text-editor\" data-id=\"b0afc42\" data-element_type=\"widget\" data-settings=\"{&quot;_animation&quot;:&quot;fadeInUp&quot;}\" data-widget_type=\"text-editor.default\">\n\t\t\t\t<div class=\"elementor-widget-container\">\n\t\t\t\t\t\t\t\t\t<p>\n<div class=\"wpcf7 no-js\" id=\"wpcf7-f7-o1\" lang=\"ca\" dir=\"ltr\" data-wpcf7-id=\"7\">\n<div class=\"screen-reader-response\"><p role=\"status\" aria-live=\"polite\" aria-atomic=\"true\"><\/p> <ul><\/ul><\/div>\n<form action=\"\/es\/wp-json\/wp\/v2\/pages\/1892#wpcf7-f7-o1\" method=\"post\" class=\"wpcf7-form init\" aria-label=\"Formulario de contacto\" novalidate=\"novalidate\" data-status=\"init\" data-trp-original-action=\"\/es\/wp-json\/wp\/v2\/pages\/1892#wpcf7-f7-o1\">\n<fieldset class=\"hidden-fields-container\"><input type=\"hidden\" name=\"_wpcf7\" value=\"7\" \/><input type=\"hidden\" name=\"_wpcf7_version\" value=\"6.1.2\" \/><input type=\"hidden\" name=\"_wpcf7_locale\" value=\"ca\" \/><input type=\"hidden\" name=\"_wpcf7_unit_tag\" value=\"wpcf7-f7-o1\" \/><input type=\"hidden\" name=\"_wpcf7_container_post\" value=\"0\" \/><input type=\"hidden\" name=\"_wpcf7_posted_data_hash\" value=\"\" \/><input type=\"hidden\" name=\"_wpcf7_recaptcha_response\" value=\"\" \/>\n<\/fieldset>\n<div class=\"form\">\n\t<p><span class=\"wpcf7-form-control-wrap\" data-name=\"your-name\"><input size=\"40\" maxlength=\"400\" class=\"wpcf7-form-control wpcf7-text wpcf7-validates-as-required\" aria-required=\"true\" aria-invalid=\"false\" placeholder=\"Nombre *\" value=\"\" type=\"text\" name=\"your-name\" \/><\/span>\n\t<\/p>\n<\/div>\n<div class=\"form\">\n\t<p><span class=\"wpcf7-form-control-wrap\" data-name=\"your-email\"><input size=\"40\" maxlength=\"400\" class=\"wpcf7-form-control wpcf7-email wpcf7-validates-as-required wpcf7-text wpcf7-validates-as-email\" aria-required=\"true\" aria-invalid=\"false\" placeholder=\"Email *\" value=\"\" type=\"email\" name=\"your-email\" \/><\/span>\n\t<\/p>\n<\/div>\n<div class=\"form\">\n\t<p><span class=\"wpcf7-form-control-wrap\" data-name=\"tel-802\"><input size=\"40\" maxlength=\"400\" class=\"wpcf7-form-control wpcf7-tel wpcf7-validates-as-required wpcf7-text wpcf7-validates-as-tel\" aria-required=\"true\" aria-invalid=\"false\" placeholder=\"Tel\u00e9fono *\" value=\"\" type=\"tel\" name=\"tel-802\" \/><\/span>\n\t<\/p>\n<\/div>\n<div class=\"form\">\n\t<p><span class=\"wpcf7-form-control-wrap\" data-name=\"your-message\"><textarea cols=\"40\" rows=\"4\" maxlength=\"2000\" class=\"wpcf7-form-control wpcf7-textarea wpcf7-validates-as-required\" aria-required=\"true\" aria-invalid=\"false\" placeholder=\"Mensaje *\" name=\"your-message\"><\/textarea><\/span>\n\t<\/p>\n<\/div>\n<div class=\"form\">\n\t<p><span class=\"wpcf7-form-control-wrap\" data-name=\"acceptance-902\"><span class=\"wpcf7-form-control wpcf7-acceptance\"><span class=\"wpcf7-list-item\"><label><input type=\"checkbox\" name=\"acceptance-902\" value=\"1\" aria-invalid=\"false\" \/><span class=\"wpcf7-list-item-label\">He le\u00eddo y acepto el <a href=\"\/es\/avis-legal\/\">aviso legal<\/a> y la <a href=\"\/es\/politica-de-privacitat\/\">pol\u00edtica de privacidad<\/a><\/span><\/label><\/span><\/span><\/span>\n\t<\/p>\n<\/div>\n<div class=\"form\">\n\t<p><input class=\"wpcf7-form-control wpcf7-submit has-spinner\" type=\"submit\" value=\"Enviar\" \/>\n\t<\/p>\n<\/div><div class=\"wpcf7-response-output\" aria-hidden=\"true\"><\/div>\n<input type=\"hidden\" name=\"trp-form-language\" value=\"es\"\/><\/form>\n<\/div>\n<\/p>\t\t\t\t\t\t\t\t<\/div>\n\t\t\t\t<\/div>\n\t\t\t\t\t<\/div>\n\t\t\t\t<\/div>\n\t\t<div class=\"elementor-element elementor-element-321332f e-flex e-con-boxed e-con e-child\" data-id=\"321332f\" data-element_type=\"container\">\n\t\t\t\t\t<div class=\"e-con-inner\">\n\t\t<div class=\"elementor-element elementor-element-2b16635 e-con-full e-flex e-con e-child\" data-id=\"2b16635\" data-element_type=\"container\">\n\t\t\t\t<div class=\"elementor-element elementor-element-2b56886 animated-slow elementor-invisible elementor-widget elementor-widget-heading\" data-id=\"2b56886\" data-element_type=\"widget\" data-settings=\"{&quot;_animation&quot;:&quot;fadeInDown&quot;}\" data-widget_type=\"heading.default\">\n\t\t\t\t<div class=\"elementor-widget-container\">\n\t\t\t\t\t<h3 class=\"elementor-heading-title elementor-size-default\">Pide informaci\u00f3n o presupuesto sin compromiso<\/h3>\t\t\t\t<\/div>\n\t\t\t\t<\/div>\n\t\t\t\t<div class=\"elementor-element elementor-element-68f8bcd elementor-widget-divider--separator-type-pattern elementor-widget-divider--view-line elementor-widget elementor-widget-divider\" data-id=\"68f8bcd\" data-element_type=\"widget\" data-widget_type=\"divider.default\">\n\t\t\t\t<div class=\"elementor-widget-container\">\n\t\t\t\t\t\t\t<div class=\"elementor-divider\" style=\"--divider-pattern-url: url(&quot;data:image\/svg+xml,%3Csvg xmlns=&#039;http:\/\/www.w3.org\/2000\/svg&#039; preserveAspectRatio=&#039;none&#039; overflow=&#039;visible&#039; height=&#039;100%&#039; viewBox=&#039;0 0 24 24&#039; fill=&#039;black&#039; stroke=&#039;none&#039;%3E%3Cpolygon points=&#039;9.4,2 24,2 14.6,21.6 0,21.6&#039;\/%3E%3C\/svg%3E&quot;);\">\n\t\t\t<span class=\"elementor-divider-separator\">\n\t\t\t\t\t\t<\/span>\n\t\t<\/div>\n\t\t\t\t\t\t<\/div>\n\t\t\t\t<\/div>\n\t\t\t\t<div class=\"elementor-element elementor-element-6abc9e5 animated-slow elementor-invisible elementor-widget elementor-widget-text-editor\" data-id=\"6abc9e5\" data-element_type=\"widget\" data-settings=\"{&quot;_animation&quot;:&quot;fadeInDown&quot;}\" data-widget_type=\"text-editor.default\">\n\t\t\t\t<div class=\"elementor-widget-container\">\n\t\t\t\t\t\t\t\t\t<p>Si quieres solicitar un presupuesto o tienes cualquier consulta, puedes llamarnos, enviarnos un correo electr\u00f3nico o rellenar nuestro formulario de contacto. \u00a1Responderemos lo antes posible!<\/p>\t\t\t\t\t\t\t\t<\/div>\n\t\t\t\t<\/div>\n\t\t\t\t<\/div>\n\t\t<div class=\"elementor-element elementor-element-3489826 e-con-full e-flex e-con e-child\" data-id=\"3489826\" data-element_type=\"container\" data-settings=\"{&quot;background_background&quot;:&quot;classic&quot;}\">\n\t\t\t\t<div class=\"elementor-element elementor-element-9201239 elementor-view-stacked elementor-shape-square elementor-position-left elementor-tablet-position-top animated-slow elementor-mobile-position-top elementor-invisible elementor-widget elementor-widget-icon-box\" data-id=\"9201239\" data-element_type=\"widget\" data-settings=\"{&quot;_animation&quot;:&quot;fadeInDown&quot;}\" data-widget_type=\"icon-box.default\">\n\t\t\t\t<div class=\"elementor-widget-container\">\n\t\t\t\t\t\t\t<div class=\"elementor-icon-box-wrapper\">\n\n\t\t\t\t\t\t<div class=\"elementor-icon-box-icon\">\n\t\t\t\t<a href=\"https:\/\/maps.app.goo.gl\/EdRipiikC2PUdgEG6\" target=\"_blank\" class=\"elementor-icon\" tabindex=\"-1\" aria-label=\"Direcci\u00f3n\">\n\t\t\t\t<i aria-hidden=\"true\" class=\"icon icon-map-marker1\"><\/i>\t\t\t\t<\/a>\n\t\t\t<\/div>\n\t\t\t\n\t\t\t\t\t\t<div class=\"elementor-icon-box-content\">\n\n\t\t\t\t\t\t\t\t\t<div class=\"elementor-icon-box-title\">\n\t\t\t\t\t\t<a href=\"https:\/\/maps.app.goo.gl\/EdRipiikC2PUdgEG6\" target=\"_blank\" >\n\t\t\t\t\t\t\tDirecci\u00f3n\t\t\t\t\t\t<\/a>\n\t\t\t\t\t<\/div>\n\t\t\t\t\n\t\t\t\t\t\t\t\t\t<p class=\"elementor-icon-box-description\">\n\t\t\t\t\t\tCalle Sot dels Pradals, 15 08500 Vic, Barcelona\t\t\t\t\t<\/p>\n\t\t\t\t\n\t\t\t<\/div>\n\t\t\t\n\t\t<\/div>\n\t\t\t\t\t\t<\/div>\n\t\t\t\t<\/div>\n\t\t\t\t<div class=\"elementor-element elementor-element-c7c982c elementor-view-stacked elementor-shape-square elementor-position-left elementor-tablet-position-top animated-slow elementor-mobile-position-top elementor-invisible elementor-widget elementor-widget-icon-box\" data-id=\"c7c982c\" data-element_type=\"widget\" data-settings=\"{&quot;_animation&quot;:&quot;fadeInDown&quot;}\" data-widget_type=\"icon-box.default\">\n\t\t\t\t<div class=\"elementor-widget-container\">\n\t\t\t\t\t\t\t<div class=\"elementor-icon-box-wrapper\">\n\n\t\t\t\t\t\t<div class=\"elementor-icon-box-icon\">\n\t\t\t\t<a href=\"tel:%2034931287192\" class=\"elementor-icon\" tabindex=\"-1\" aria-label=\"Tel\u00e9fono\">\n\t\t\t\t<svg aria-hidden=\"true\" class=\"e-font-icon-svg e-fas-mobile-alt\" viewbox=\"0 0 320 512\" xmlns=\"http:\/\/www.w3.org\/2000\/svg\"><path d=\"M272 0H48C21.5 0 0 21.5 0 48v416c0 26.5 21.5 48 48 48h224c26.5 0 48-21.5 48-48V48c0-26.5-21.5-48-48-48zM160 480c-17.7 0-32-14.3-32-32s14.3-32 32-32 32 14.3 32 32-14.3 32-32 32zm112-108c0 6.6-5.4 12-12 12H60c-6.6 0-12-5.4-12-12V60c0-6.6 5.4-12 12-12h200c6.6 0 12 5.4 12 12v312z\"><\/path><\/svg>\t\t\t\t<\/a>\n\t\t\t<\/div>\n\t\t\t\n\t\t\t\t\t\t<div class=\"elementor-icon-box-content\">\n\n\t\t\t\t\t\t\t\t\t<div class=\"elementor-icon-box-title\">\n\t\t\t\t\t\t<a href=\"tel:%2034931287192\" >\n\t\t\t\t\t\t\tTel\u00e9fono\t\t\t\t\t\t<\/a>\n\t\t\t\t\t<\/div>\n\t\t\t\t\n\t\t\t\t\t\t\t\t\t<p class=\"elementor-icon-box-description\">\n\t\t\t\t\t\t+34 93 128 71 92\t\t\t\t\t<\/p>\n\t\t\t\t\n\t\t\t<\/div>\n\t\t\t\n\t\t<\/div>\n\t\t\t\t\t\t<\/div>\n\t\t\t\t<\/div>\n\t\t\t\t<div class=\"elementor-element elementor-element-261078e elementor-view-stacked elementor-shape-square elementor-position-left elementor-tablet-position-top animated-slow elementor-mobile-position-top elementor-invisible elementor-widget elementor-widget-icon-box\" data-id=\"261078e\" data-element_type=\"widget\" data-settings=\"{&quot;_animation&quot;:&quot;fadeInDown&quot;}\" data-widget_type=\"icon-box.default\">\n\t\t\t\t<div class=\"elementor-widget-container\">\n\t\t\t\t\t\t\t<div class=\"elementor-icon-box-wrapper\">\n\n\t\t\t\t\t\t<div class=\"elementor-icon-box-icon\">\n\t\t\t\t<a href=\"mailto:%20info@reparacionsvic.com\" class=\"elementor-icon\" tabindex=\"-1\" aria-label=\"Email\">\n\t\t\t\t<i aria-hidden=\"true\" class=\"icon icon-contact\"><\/i>\t\t\t\t<\/a>\n\t\t\t<\/div>\n\t\t\t\n\t\t\t\t\t\t<div class=\"elementor-icon-box-content\">\n\n\t\t\t\t\t\t\t\t\t<div class=\"elementor-icon-box-title\">\n\t\t\t\t\t\t<a href=\"mailto:%20info@reparacionsvic.com\" >\n\t\t\t\t\t\t\tEmail\t\t\t\t\t\t<\/a>\n\t\t\t\t\t<\/div>\n\t\t\t\t\n\t\t\t\t\t\t\t\t\t<p class=\"elementor-icon-box-description\">\n\t\t\t\t\t\tinfo@reparacionsvic.com\t\t\t\t\t<\/p>\n\t\t\t\t\n\t\t\t<\/div>\n\t\t\t\n\t\t<\/div>\n\t\t\t\t\t\t<\/div>\n\t\t\t\t<\/div>\n\t\t\t\t<\/div>\n\t\t\t\t\t<\/div>\n\t\t\t\t<\/div>\n\t\t\t\t\t<\/div>\n\t\t\t\t<\/div>\n\t\t\t\t<\/div>","protected":false},"excerpt":{"rendered":"<p>Lloguer de maquin\u00e0ria a Vic: solucions flexibles per a professionals i empreses El servei de lloguer de maquin\u00e0ria a Vic s\u2019ha convertit en una de les opcions m\u00e9s \u00fatils i rendibles per a empreses de construcci\u00f3, professionals aut\u00f2noms, agricultors i ind\u00fastries que necessiten equips puntualment o que prefereixen evitar inversions elevades. A Reparacions Vic oferim [&hellip;]<\/p>","protected":false},"author":3,"featured_media":0,"parent":0,"menu_order":0,"comment_status":"closed","ping_status":"closed","template":"","meta":{"_acf_changed":false,"footnotes":""},"class_list":["post-1892","page","type-page","status-publish","hentry"],"acf":[],"yoast_head":"<!-- This site is optimized with the Yoast SEO plugin v26.1.1 - https:\/\/yoast.com\/wordpress\/plugins\/seo\/ -->\n<title>Lloguer de maquin\u00e0ria Vic - Reparacions Vic<\/title>\n<meta name=\"robots\" content=\"index, follow, max-snippet:-1, max-image-preview:large, max-video-preview:-1\" \/>\n<link rel=\"canonical\" href=\"https:\/\/reparacionsvic.com\/es\/lloguer-de-maquinaria-vic\/\" \/>\n<meta property=\"og:locale\" content=\"es_ES\" \/>\n<meta property=\"og:type\" content=\"article\" \/>\n<meta property=\"og:title\" content=\"Lloguer de maquin\u00e0ria Vic - Reparacions Vic\" \/>\n<meta property=\"og:description\" content=\"Lloguer de maquin\u00e0ria a Vic: solucions flexibles per a professionals i empreses El servei de lloguer de maquin\u00e0ria a Vic s\u2019ha convertit en una de les opcions m\u00e9s \u00fatils i rendibles per a empreses de construcci\u00f3, professionals aut\u00f2noms, agricultors i ind\u00fastries que necessiten equips puntualment o que prefereixen evitar inversions elevades. A Reparacions Vic oferim [&hellip;]\" \/>\n<meta property=\"og:url\" content=\"https:\/\/reparacionsvic.com\/es\/lloguer-de-maquinaria-vic\/\" \/>\n<meta property=\"og:site_name\" content=\"Reparacions Vic\" \/>\n<meta property=\"article:modified_time\" content=\"2025-11-14T07:15:36+00:00\" \/>\n<meta property=\"og:image\" content=\"https:\/\/reparacionsvic.com\/wp-content\/uploads\/2025\/05\/farming-cereal-farms-2020.jpg\" \/>\n\t<meta property=\"og:image:width\" content=\"1200\" \/>\n\t<meta property=\"og:image:height\" content=\"960\" \/>\n\t<meta property=\"og:image:type\" content=\"image\/jpeg\" \/>\n<meta name=\"twitter:card\" content=\"summary_large_image\" \/>\n<meta name=\"twitter:label1\" content=\"Tiempo de lectura\" \/>\n\t<meta name=\"twitter:data1\" content=\"5 minutos\" \/>\n<script type=\"application\/ld+json\" class=\"yoast-schema-graph\">{\"@context\":\"https:\/\/schema.org\",\"@graph\":[{\"@type\":\"WebPage\",\"@id\":\"https:\/\/reparacionsvic.com\/lloguer-de-maquinaria-vic\/\",\"url\":\"https:\/\/reparacionsvic.com\/lloguer-de-maquinaria-vic\/\",\"name\":\"Lloguer de maquin\u00e0ria Vic - Reparacions Vic\",\"isPartOf\":{\"@id\":\"https:\/\/reparacionsvic.com\/#website\"},\"primaryImageOfPage\":{\"@id\":\"https:\/\/reparacionsvic.com\/lloguer-de-maquinaria-vic\/#primaryimage\"},\"image\":{\"@id\":\"https:\/\/reparacionsvic.com\/lloguer-de-maquinaria-vic\/#primaryimage\"},\"thumbnailUrl\":\"https:\/\/reparacionsvic.com\/wp-content\/uploads\/2025\/05\/farming-cereal-farms-2020-1024x819.jpg\",\"datePublished\":\"2025-11-14T07:10:31+00:00\",\"dateModified\":\"2025-11-14T07:15:36+00:00\",\"breadcrumb\":{\"@id\":\"https:\/\/reparacionsvic.com\/lloguer-de-maquinaria-vic\/#breadcrumb\"},\"inLanguage\":\"es\",\"potentialAction\":[{\"@type\":\"ReadAction\",\"target\":[\"https:\/\/reparacionsvic.com\/lloguer-de-maquinaria-vic\/\"]}]},{\"@type\":\"ImageObject\",\"inLanguage\":\"es\",\"@id\":\"https:\/\/reparacionsvic.com\/lloguer-de-maquinaria-vic\/#primaryimage\",\"url\":\"https:\/\/reparacionsvic.com\/wp-content\/uploads\/2025\/05\/farming-cereal-farms-2020-1024x819.jpg\",\"contentUrl\":\"https:\/\/reparacionsvic.com\/wp-content\/uploads\/2025\/05\/farming-cereal-farms-2020-1024x819.jpg\"},{\"@type\":\"BreadcrumbList\",\"@id\":\"https:\/\/reparacionsvic.com\/lloguer-de-maquinaria-vic\/#breadcrumb\",\"itemListElement\":[{\"@type\":\"ListItem\",\"position\":1,\"name\":\"Inici\",\"item\":\"https:\/\/reparacionsvic.com\/\"},{\"@type\":\"ListItem\",\"position\":2,\"name\":\"Lloguer de maquin\u00e0ria Vic\"}]},{\"@type\":\"WebSite\",\"@id\":\"https:\/\/reparacionsvic.com\/#website\",\"url\":\"https:\/\/reparacionsvic.com\/\",\"name\":\"Reparacions vic\",\"description\":\"Venta, lloguer i reparaci\u00f3 de maquin\u00e0ria a Vic\",\"potentialAction\":[{\"@type\":\"SearchAction\",\"target\":{\"@type\":\"EntryPoint\",\"urlTemplate\":\"https:\/\/reparacionsvic.com\/?s={search_term_string}\"},\"query-input\":{\"@type\":\"PropertyValueSpecification\",\"valueRequired\":true,\"valueName\":\"search_term_string\"}}],\"inLanguage\":\"es\"}]}<\/script>\n<!-- \/ Yoast SEO plugin. -->","yoast_head_json":{"title":"Lloguer de maquin\u00e0ria Vic - Reparacions Vic","robots":{"index":"index","follow":"follow","max-snippet":"max-snippet:-1","max-image-preview":"max-image-preview:large","max-video-preview":"max-video-preview:-1"},"canonical":"https:\/\/reparacionsvic.com\/es\/lloguer-de-maquinaria-vic\/","og_locale":"es_ES","og_type":"article","og_title":"Lloguer de maquin\u00e0ria Vic - Reparacions Vic","og_description":"Lloguer de maquin\u00e0ria a Vic: solucions flexibles per a professionals i empreses El servei de lloguer de maquin\u00e0ria a Vic s\u2019ha convertit en una de les opcions m\u00e9s \u00fatils i rendibles per a empreses de construcci\u00f3, professionals aut\u00f2noms, agricultors i ind\u00fastries que necessiten equips puntualment o que prefereixen evitar inversions elevades. A Reparacions Vic oferim [&hellip;]","og_url":"https:\/\/reparacionsvic.com\/es\/lloguer-de-maquinaria-vic\/","og_site_name":"Reparacions Vic","article_modified_time":"2025-11-14T07:15:36+00:00","og_image":[{"width":1200,"height":960,"url":"https:\/\/reparacionsvic.com\/wp-content\/uploads\/2025\/05\/farming-cereal-farms-2020.jpg","type":"image\/jpeg"}],"twitter_card":"summary_large_image","twitter_misc":{"Tiempo de lectura":"5 minutos"},"schema":{"@context":"https:\/\/schema.org","@graph":[{"@type":"WebPage","@id":"https:\/\/reparacionsvic.com\/lloguer-de-maquinaria-vic\/","url":"https:\/\/reparacionsvic.com\/lloguer-de-maquinaria-vic\/","name":"Lloguer de maquin\u00e0ria Vic - Reparacions Vic","isPartOf":{"@id":"https:\/\/reparacionsvic.com\/#website"},"primaryImageOfPage":{"@id":"https:\/\/reparacionsvic.com\/lloguer-de-maquinaria-vic\/#primaryimage"},"image":{"@id":"https:\/\/reparacionsvic.com\/lloguer-de-maquinaria-vic\/#primaryimage"},"thumbnailUrl":"https:\/\/reparacionsvic.com\/wp-content\/uploads\/2025\/05\/farming-cereal-farms-2020-1024x819.jpg","datePublished":"2025-11-14T07:10:31+00:00","dateModified":"2025-11-14T07:15:36+00:00","breadcrumb":{"@id":"https:\/\/reparacionsvic.com\/lloguer-de-maquinaria-vic\/#breadcrumb"},"inLanguage":"es","potentialAction":[{"@type":"ReadAction","target":["https:\/\/reparacionsvic.com\/lloguer-de-maquinaria-vic\/"]}]},{"@type":"ImageObject","inLanguage":"es","@id":"https:\/\/reparacionsvic.com\/lloguer-de-maquinaria-vic\/#primaryimage","url":"https:\/\/reparacionsvic.com\/wp-content\/uploads\/2025\/05\/farming-cereal-farms-2020-1024x819.jpg","contentUrl":"https:\/\/reparacionsvic.com\/wp-content\/uploads\/2025\/05\/farming-cereal-farms-2020-1024x819.jpg"},{"@type":"BreadcrumbList","@id":"https:\/\/reparacionsvic.com\/lloguer-de-maquinaria-vic\/#breadcrumb","itemListElement":[{"@type":"ListItem","position":1,"name":"Inici","item":"https:\/\/reparacionsvic.com\/"},{"@type":"ListItem","position":2,"name":"Lloguer de maquin\u00e0ria Vic"}]},{"@type":"WebSite","@id":"https:\/\/reparacionsvic.com\/#website","url":"https:\/\/reparacionsvic.com\/","name":"Reparaciones vic","description":"Venta, alquiler y reparaci\u00f3n de maquinaria en Vic","potentialAction":[{"@type":"SearchAction","target":{"@type":"EntryPoint","urlTemplate":"https:\/\/reparacionsvic.com\/?s={search_term_string}"},"query-input":{"@type":"PropertyValueSpecification","valueRequired":true,"valueName":"search_term_string"}}],"inLanguage":"es"}]}},"_links":{"self":[{"href":"https:\/\/reparacionsvic.com\/es\/wp-json\/wp\/v2\/pages\/1892","targetHints":{"allow":["GET"]}}],"collection":[{"href":"https:\/\/reparacionsvic.com\/es\/wp-json\/wp\/v2\/pages"}],"about":[{"href":"https:\/\/reparacionsvic.com\/es\/wp-json\/wp\/v2\/types\/page"}],"author":[{"embeddable":true,"href":"https:\/\/reparacionsvic.com\/es\/wp-json\/wp\/v2\/users\/3"}],"replies":[{"embeddable":true,"href":"https:\/\/reparacionsvic.com\/es\/wp-json\/wp\/v2\/comments?post=1892"}],"version-history":[{"count":5,"href":"https:\/\/reparacionsvic.com\/es\/wp-json\/wp\/v2\/pages\/1892\/revisions"}],"predecessor-version":[{"id":1897,"href":"https:\/\/reparacionsvic.com\/es\/wp-json\/wp\/v2\/pages\/1892\/revisions\/1897"}],"wp:attachment":[{"href":"https:\/\/reparacionsvic.com\/es\/wp-json\/wp\/v2\/media?parent=1892"}],"curies":[{"name":"wp","href":"https:\/\/api.w.org\/{rel}","templated":true}]}}