{"id":25,"date":"2025-04-07T09:11:12","date_gmt":"2025-04-07T09:11:12","guid":{"rendered":"https:\/\/reparacionsvic.com\/aviso-legal\/"},"modified":"2025-04-16T09:05:01","modified_gmt":"2025-04-16T09:05:01","slug":"avis-legal","status":"publish","type":"page","link":"https:\/\/reparacionsvic.com\/es\/avis-legal\/","title":{"rendered":"Aviso legal"},"content":{"rendered":"<div data-elementor-type=\"wp-page\" data-elementor-id=\"25\" class=\"elementor elementor-25\" data-elementor-post-type=\"page\">\n\t\t\t\t<div class=\"elementor-element elementor-element-473cc282 e-flex e-con-boxed e-con e-parent\" data-id=\"473cc282\" data-element_type=\"container\" data-settings=\"{&quot;background_background&quot;:&quot;classic&quot;}\">\n\t\t\t\t\t<div class=\"e-con-inner\">\n\t\t<div class=\"elementor-element elementor-element-1c95e500 e-con-full e-flex e-con e-child\" data-id=\"1c95e500\" data-element_type=\"container\">\n\t\t\t\t<div class=\"elementor-element elementor-element-3cc827f2 elementor-widget__width-inherit elementor-widget elementor-widget-heading\" data-id=\"3cc827f2\" data-element_type=\"widget\" data-widget_type=\"heading.default\">\n\t\t\t\t<div class=\"elementor-widget-container\">\n\t\t\t\t\t<h1 class=\"elementor-heading-title elementor-size-default\">Aviso legal<\/h1>\t\t\t\t<\/div>\n\t\t\t\t<\/div>\n\t\t\t\t<\/div>\n\t\t\t\t\t<\/div>\n\t\t\t\t<\/div>\n\t\t<div class=\"elementor-element elementor-element-37b3b27e e-flex e-con-boxed e-con e-parent\" data-id=\"37b3b27e\" data-element_type=\"container\">\n\t\t\t\t\t<div class=\"e-con-inner\">\n\t\t\t\t<div class=\"elementor-element elementor-element-17a276ff elementor-widget elementor-widget-text-editor\" data-id=\"17a276ff\" data-element_type=\"widget\" data-widget_type=\"text-editor.default\">\n\t\t\t\t<div class=\"elementor-widget-container\">\n\t\t\t\t\t\t\t\t\t<h3>Responsable del tratamiento de los datos<\/h3><p>En cumplimiento del deber de informaci\u00f3n que establece la Ley 34\/2002, de 11 de julio, de Servicios de la Sociedad de la Informaci\u00f3n y del Comercio Electr\u00f3nico, le comunicamos que esta web es titularidad de:<\/p><ul><li>Nombre: REPARACIONES VIC RENT 2020 SL con NIF <span style=\"font-weight: 400;\">B67524553<\/span><\/li><li>Direcci\u00f3n: C\/ Sot dels Pradals, 26, <span style=\"font-weight: 400;\">08500 Vic (Barcelona)<\/span><b><br \/><\/b><\/li><li>Tel\u00e9fono: <span style=\"font-weight: 400;\">669 893 092<\/span><\/li><li>Correo electr\u00f3nico: <a href=\"mailto:admin@reparacionsvic.com\"><span style=\"font-weight: 400;\">admin@reparacionsvic.com<\/span><\/a><\/li><\/ul><h3>Objeto<\/h3><p>El Responsable pone a disposici\u00f3n de los usuarios este documento con el que pretende dar cumplimiento a lo dispuesto en la normativa vigente en materia de protecci\u00f3n de datos, y en el contexto del nuevo marco normativo establecido en virtud de lo dispuesto en el Reglamento (UE) 2016\/679 del Parlamento Europeo y del Consejo, de 27 de abril de 2016, relativo a la protecci\u00f3n de las personas datos (en adelante, el \u201cRGPD\u201d), y la normativa nacional en materia de protecci\u00f3n de datos de car\u00e1cter personal, as\u00ed como informar a todos los usuarios del sitio web respecto a cu\u00e1les son las condiciones de uso del mismo. Cualquier persona que acceda a este sitio web asume el papel de usuario, comprometi\u00e9ndose a la observancia y riguroso cumplimiento de las disposiciones aqu\u00ed dispuestas, as\u00ed como a cualquier otra disposici\u00f3n legal que sea aplicable. El Responsable se reserva el derecho de modificar cualquier tipo de informaci\u00f3n que pudiera aparecer en el sitio web, sin que exista obligaci\u00f3n de preavisar o poner en conocimiento de los usuarios estas obligaciones, entendi\u00e9ndose como suficiente con la publicaci\u00f3n en el sitio web del Responsable.<\/p><h3>Responsabilidad<\/h3><p>El Responsable se exime de cualquier tipo de responsabilidad derivada de la informaci\u00f3n publicada en su sitio web, siempre que esta informaci\u00f3n haya sido manipulada o introducida por un tercero ajeno al mismo.<\/p><h3>Direcciones IP<\/h3><p>Los servidores del sitio web podr\u00e1n detectar autom\u00e1ticamente la direcci\u00f3n IP y el nombre de dominio utilizados por el usuario. Una direcci\u00f3n IP es un n\u00famero asignado autom\u00e1ticamente a un ordenador cuando \u00e9ste se conecta a Internet. Toda esta informaci\u00f3n est\u00e1 registrada en un fichero de actividad del servidor, debidamente inscrito, que permite el posterior procesamiento de los datos para obtener medidas \u00fanicamente estad\u00edsticas que permitan conocer el n\u00famero de impresiones de p\u00e1ginas, el n\u00famero de visitas realizadas a los servidores web, orden de visitas, punto de acceso, etc.<\/p><h3>Pol\u00edtica de enlaces<\/h3><p>Desde el presente sitio web es posible que se redirija a contenidos de terceros sitios web. Dado que el Responsable no puede controlar siempre los contenidos introducidos por los terceros en sus sitios web, este no asume ning\u00fan tipo de responsabilidad respecto a estos contenidos. En todo caso, el Responsable manifiesta que proceder\u00e1 a la retirada inmediata de cualquier contenido que pudiera contravenir la legislaci\u00f3n nacional o internacional este sitio web, poniendo en conocimiento de las autoridades competentes el contenido en cuesti\u00f3n. LSSICE, el Responsable se pone a disposici\u00f3n de todos los usuarios, autoridades y fuerzas de seguridad, colaborando de forma activa en la retirada o en su caso bloqueo de todos aquellos contenidos que pudieran afectar o contravenir la legislaci\u00f3n nacional, o internacional, derechos de terceros o la moral y el orden p\u00fablico En caso de que el usuario considere que existe en el sitio web alg\u00fan contenido que pueda ser garantizar su correcto funcionamiento. En principio, se puede garantizar su correcto funcionamiento los 365 d\u00edas del a\u00f1o, 24 horas al d\u00eda.<\/p><h3>Protecci\u00f3n de datos<\/h3><p>El Responsable se encuentra profundamente comprometido con el cumplimiento de lo dispuesto en la normativa vigente en materia de protecci\u00f3n de datos, y en el contexto del nuevo marco normativo establecido en virtud de lo dispuesto en el Reglamento (UE) 2016\/679 del Parlamento Europeo y del Consejo, de 27 de abril de 2016, relativo a la protecci\u00f3n de las personas f\u00edsicas en relaci\u00f3n con el adelante, el RGPD), y la normativa nacional en materia de protecci\u00f3n de datos de car\u00e1cter personal. Asimismo, el Responsable informa de que cumple la Ley 34\/2002 de 11 de julio, de Servicios de la Sociedad de la Informaci\u00f3n y el Comercio Electr\u00f3nico y solicitar\u00e1 el consentimiento para el tratamiento de sus datos con fines comerciales en todo momento.<\/p><h3>Propiedad intelectual e industrial<\/h3><p>El sitio web, incluyendo a t\u00edtulo enunciativo pero no limitativo su programaci\u00f3n, edici\u00f3n, compilaci\u00f3n y otros elementos necesarios para su funcionamiento, los dise\u00f1os, logotipos, texto y\/o gr\u00e1ficos son propiedad del Responsable o en su caso dispone de licencia o autorizaci\u00f3n expresa por parte de los autores. Todos los contenidos del sitio web est\u00e1n debidamente protegidos por la normativa de propiedad intelectual e industrial. Independientemente de la finalidad para la que fuesen destinados, la reproducci\u00f3n total o parcial, uso, explotaci\u00f3n, distribuci\u00f3n y comercializaci\u00f3n requiere en todo caso la autorizaci\u00f3n escrita previa por parte del Responsable. Cualquier uso no autorizado previamente por el Responsable ser\u00e1 considerado un incumplimiento grave de los derechos de propiedad intelectual o industrial del autor. Los dise\u00f1os, logotipos, texto y\/o gr\u00e1ficos ajenos al prestamista y que puedan aparecer en el sitio web, pertenecen a sus respectivos propietarios, siendo ellos mismos responsables de cualquier posible controversia que se pueda suscitar respecto a los mismos. En cualquier caso, el Responsable cuenta con la autorizaci\u00f3n expresa y previa por parte de los mismos. El Responsable autoriza expresamente que terceros puedan redirigir directamente a los contenidos concretos del sitio web, y en todo caso debe redirigirse a la p\u00e1gina principal del sitio web del Responsable. El Responsable reconoce a favor de sus titulares los derechos correspondientes de propiedad intelectual e industrial, y no implica su sola menci\u00f3n o aparici\u00f3n en el sitio web la existencia de derechos o responsabilidad del Responsable sobre \u00e9stos, as\u00ed como soporte, patrocinio o recomendaci\u00f3n por su parte. Para todas aquellas im\u00e1genes en las que el software de dise\u00f1o lo permita, se han incluido las referencias correspondientes a la autor\u00eda y licencia correspondiente. Para realizar cualquier tipo de observaci\u00f3n respecto a posibles incumplimientos de los derechos de propiedad intelectual o industrial, as\u00ed como sobre cualquiera de los contenidos del sitio web, puede hacerlo a trav\u00e9s del siguiente correo electr\u00f3nico: <a href=\"mailto:admin@reparacionsvic.com\"><span style=\"font-weight: 400;\">admin@reparacionsvic.com<\/span><\/a><\/p>\t\t\t\t\t\t\t\t<\/div>\n\t\t\t\t<\/div>\n\t\t\t\t\t<\/div>\n\t\t\t\t<\/div>\n\t\t\t\t<\/div>","protected":false},"excerpt":{"rendered":"<p>Responsable del tratamiento de los datos En cumplimiento del deber de informaci\u00f3n que establece la Ley 34\/2002, de 11 de julio, de Servicios de la Sociedad de la Informaci\u00f3n y del Comercio Electr\u00f3nico, le comunicamos que esta web es titularidad de: Nombre: REPARACIONES VIC RENT 2020 SL con NIF B67524553 Direcci\u00f3n 08500 [\u2026]<\/p>","protected":false},"author":1,"featured_media":0,"parent":0,"menu_order":0,"comment_status":"closed","ping_status":"closed","template":"","meta":{"_acf_changed":false,"footnotes":""},"class_list":["post-25","page","type-page","status-publish","hentry"],"acf":[],"yoast_head":"<!-- This site is optimized with the Yoast SEO plugin v26.1.1 - https:\/\/yoast.com\/wordpress\/plugins\/seo\/ -->\n<title>Avis legal - Reparacions Vic<\/title>\n<meta name=\"robots\" content=\"index, follow, max-snippet:-1, max-image-preview:large, max-video-preview:-1\" \/>\n<link rel=\"canonical\" href=\"https:\/\/reparacionsvic.com\/es\/avis-legal\/\" \/>\n<meta property=\"og:locale\" content=\"es_ES\" \/>\n<meta property=\"og:type\" content=\"article\" \/>\n<meta property=\"og:title\" content=\"Avis legal - Reparacions Vic\" \/>\n<meta property=\"og:description\" content=\"Responsable del tractament de les dades En compliment del deure d&#8217;informaci\u00f3 que estableix la Llei 34\/2002, d&#8217;11 de juliol, de Serveis de la Societat de la Informaci\u00f3 i del Comer\u00e7 Electr\u00f2nic, li comuniquem que aquesta web \u00e9s titularitat de: Nom: REPARACIONS VIC RENT 2020 SL amb NIF B67524553 Adre\u00e7a: C\/ Sot dels Pradals, 26, 08500 [&hellip;]\" \/>\n<meta property=\"og:url\" content=\"https:\/\/reparacionsvic.com\/es\/avis-legal\/\" \/>\n<meta property=\"og:site_name\" content=\"Reparacions Vic\" \/>\n<meta property=\"article:modified_time\" content=\"2025-04-16T09:05:01+00:00\" \/>\n<meta name=\"twitter:card\" content=\"summary_large_image\" \/>\n<meta name=\"twitter:label1\" content=\"Tiempo de lectura\" \/>\n\t<meta name=\"twitter:data1\" content=\"6 minutos\" \/>\n<script type=\"application\/ld+json\" class=\"yoast-schema-graph\">{\"@context\":\"https:\/\/schema.org\",\"@graph\":[{\"@type\":\"WebPage\",\"@id\":\"https:\/\/reparacionsvic.com\/avis-legal\/\",\"url\":\"https:\/\/reparacionsvic.com\/avis-legal\/\",\"name\":\"Avis legal - Reparacions Vic\",\"isPartOf\":{\"@id\":\"https:\/\/reparacionsvic.com\/#website\"},\"datePublished\":\"2025-04-07T09:11:12+00:00\",\"dateModified\":\"2025-04-16T09:05:01+00:00\",\"breadcrumb\":{\"@id\":\"https:\/\/reparacionsvic.com\/avis-legal\/#breadcrumb\"},\"inLanguage\":\"es\",\"potentialAction\":[{\"@type\":\"ReadAction\",\"target\":[\"https:\/\/reparacionsvic.com\/avis-legal\/\"]}]},{\"@type\":\"BreadcrumbList\",\"@id\":\"https:\/\/reparacionsvic.com\/avis-legal\/#breadcrumb\",\"itemListElement\":[{\"@type\":\"ListItem\",\"position\":1,\"name\":\"Inici\",\"item\":\"https:\/\/reparacionsvic.com\/\"},{\"@type\":\"ListItem\",\"position\":2,\"name\":\"Avis legal\"}]},{\"@type\":\"WebSite\",\"@id\":\"https:\/\/reparacionsvic.com\/#website\",\"url\":\"https:\/\/reparacionsvic.com\/\",\"name\":\"Reparacions vic\",\"description\":\"Venta, lloguer i reparaci\u00f3 de maquin\u00e0ria a Vic\",\"potentialAction\":[{\"@type\":\"SearchAction\",\"target\":{\"@type\":\"EntryPoint\",\"urlTemplate\":\"https:\/\/reparacionsvic.com\/?s={search_term_string}\"},\"query-input\":{\"@type\":\"PropertyValueSpecification\",\"valueRequired\":true,\"valueName\":\"search_term_string\"}}],\"inLanguage\":\"es\"}]}<\/script>\n<!-- \/ Yoast SEO plugin. -->","yoast_head_json":{"title":"Aviso legal - Reparaciones Vic","robots":{"index":"index","follow":"follow","max-snippet":"max-snippet:-1","max-image-preview":"max-image-preview:large","max-video-preview":"max-video-preview:-1"},"canonical":"https:\/\/reparacionsvic.com\/es\/avis-legal\/","og_locale":"es_ES","og_type":"article","og_title":"Avis legal - Reparacions Vic","og_description":"Responsable del tractament de les dades En compliment del deure d&#8217;informaci\u00f3 que estableix la Llei 34\/2002, d&#8217;11 de juliol, de Serveis de la Societat de la Informaci\u00f3 i del Comer\u00e7 Electr\u00f2nic, li comuniquem que aquesta web \u00e9s titularitat de: Nom: REPARACIONS VIC RENT 2020 SL amb NIF B67524553 Adre\u00e7a: C\/ Sot dels Pradals, 26, 08500 [&hellip;]","og_url":"https:\/\/reparacionsvic.com\/es\/avis-legal\/","og_site_name":"Reparacions Vic","article_modified_time":"2025-04-16T09:05:01+00:00","twitter_card":"summary_large_image","twitter_misc":{"Tiempo de lectura":"6 minutos"},"schema":{"@context":"https:\/\/schema.org","@graph":[{"@type":"WebPage","@id":"https:\/\/reparacionsvic.com\/avis-legal\/","url":"https:\/\/reparacionsvic.com\/avis-legal\/","name":"Aviso legal - Reparaciones Vic","isPartOf":{"@id":"https:\/\/reparacionsvic.com\/#website"},"datePublished":"2025-04-07T09:11:12+00:00","dateModified":"2025-04-16T09:05:01+00:00","breadcrumb":{"@id":"https:\/\/reparacionsvic.com\/avis-legal\/#breadcrumb"},"inLanguage":"es","potentialAction":[{"@type":"ReadAction","target":["https:\/\/reparacionsvic.com\/avis-legal\/"]}]},{"@type":"BreadcrumbList","@id":"https:\/\/reparacionsvic.com\/avis-legal\/#breadcrumb","itemListElement":[{"@type":"ListItem","position":1,"name":"Inici","item":"https:\/\/reparacionsvic.com\/"},{"@type":"ListItem","position":2,"name":"Avis legal"}]},{"@type":"WebSite","@id":"https:\/\/reparacionsvic.com\/#website","url":"https:\/\/reparacionsvic.com\/","name":"Reparaciones vic","description":"Venta, alquiler y reparaci\u00f3n de maquinaria en Vic","potentialAction":[{"@type":"SearchAction","target":{"@type":"EntryPoint","urlTemplate":"https:\/\/reparacionsvic.com\/?s={search_term_string}"},"query-input":{"@type":"PropertyValueSpecification","valueRequired":true,"valueName":"search_term_string"}}],"inLanguage":"es"}]}},"_links":{"self":[{"href":"https:\/\/reparacionsvic.com\/es\/wp-json\/wp\/v2\/pages\/25","targetHints":{"allow":["GET"]}}],"collection":[{"href":"https:\/\/reparacionsvic.com\/es\/wp-json\/wp\/v2\/pages"}],"about":[{"href":"https:\/\/reparacionsvic.com\/es\/wp-json\/wp\/v2\/types\/page"}],"author":[{"embeddable":true,"href":"https:\/\/reparacionsvic.com\/es\/wp-json\/wp\/v2\/users\/1"}],"replies":[{"embeddable":true,"href":"https:\/\/reparacionsvic.com\/es\/wp-json\/wp\/v2\/comments?post=25"}],"version-history":[{"count":20,"href":"https:\/\/reparacionsvic.com\/es\/wp-json\/wp\/v2\/pages\/25\/revisions"}],"predecessor-version":[{"id":998,"href":"https:\/\/reparacionsvic.com\/es\/wp-json\/wp\/v2\/pages\/25\/revisions\/998"}],"wp:attachment":[{"href":"https:\/\/reparacionsvic.com\/es\/wp-json\/wp\/v2\/media?parent=25"}],"curies":[{"name":"wp","href":"https:\/\/api.w.org\/{rel}","templated":true}]}}